{"id":1322,"date":"2018-10-29T21:18:08","date_gmt":"2018-10-29T21:18:08","guid":{"rendered":"https:\/\/restaurantes-valencia.com\/pasta-pizza\/"},"modified":"2023-02-14T21:59:42","modified_gmt":"2023-02-14T20:59:42","slug":"pasta-e-pizza","status":"publish","type":"page","link":"https:\/\/restaurantes-valencia.com\/it\/cucine-e-piatti\/pasta-e-pizza\/","title":{"rendered":"Pasta e Pizza"},"content":{"rendered":"\t\t<div data-elementor-type=\"wp-post\" data-elementor-id=\"1322\" class=\"elementor elementor-1322 elementor-852\" data-elementor-post-type=\"page\">\n\t\t\t\t\t\t<section class=\"elementor-section elementor-top-section elementor-element elementor-element-8ad6e39 elementor-section-boxed elementor-section-height-default elementor-section-height-default\" data-id=\"8ad6e39\" data-element_type=\"section\" data-e-type=\"section\" data-settings=\"{&quot;background_background&quot;:&quot;classic&quot;}\">\n\t\t\t\t\t\t<div class=\"elementor-container elementor-column-gap-default\">\n\t\t\t\t\t<div class=\"elementor-column elementor-col-100 elementor-top-column elementor-element elementor-element-6ab5b81\" data-id=\"6ab5b81\" data-element_type=\"column\" data-e-type=\"column\">\n\t\t\t<div class=\"elementor-widget-wrap elementor-element-populated\">\n\t\t\t\t\t\t<div class=\"elementor-element elementor-element-8de5b0d elementor-widget elementor-widget-shortcode\" data-id=\"8de5b0d\" data-element_type=\"widget\" data-e-type=\"widget\" data-widget_type=\"shortcode.default\">\n\t\t\t\t<div class=\"elementor-widget-container\">\n\t\t\t\t\t\t\t<div class=\"elementor-shortcode\"><ins class=\"adsbygoogle\" style=\"display:block\" data-ad-client=\"ca-pub-7847421077389676\" data-ad-slot=\"5989329634\" data-ad-format=\"auto\" data-full-width-responsive=\"true\"><\/ins>\n<script>\n     (adsbygoogle = window.adsbygoogle || []).push({});\n<\/script><\/div>\n\t\t\t\t\t\t<\/div>\n\t\t\t\t<\/div>\n\t\t\t\t\t<\/div>\n\t\t<\/div>\n\t\t\t\t\t<\/div>\n\t\t<\/section>\n\t\t\t\t<section class=\"elementor-section elementor-top-section elementor-element elementor-element-d77a2de elementor-section-boxed elementor-section-height-default elementor-section-height-default\" data-id=\"d77a2de\" data-element_type=\"section\" data-e-type=\"section\">\n\t\t\t\t\t\t<div class=\"elementor-container elementor-column-gap-default\">\n\t\t\t\t\t<div class=\"elementor-column elementor-col-66 elementor-top-column elementor-element elementor-element-e67b704\" data-id=\"e67b704\" data-element_type=\"column\" data-e-type=\"column\">\n\t\t\t<div class=\"elementor-widget-wrap elementor-element-populated\">\n\t\t\t\t\t\t<div class=\"elementor-element elementor-element-1386979 elementor-widget elementor-widget-heading\" data-id=\"1386979\" data-element_type=\"widget\" data-e-type=\"widget\" data-widget_type=\"heading.default\">\n\t\t\t\t<div class=\"elementor-widget-container\">\n\t\t\t\t\t<h2 class=\"elementor-heading-title elementor-size-default\">Pasta e Pizza<\/h2>\t\t\t\t<\/div>\n\t\t\t\t<\/div>\n\t\t\t\t<div class=\"elementor-element elementor-element-a0fee62 elementor-widget elementor-widget-text-editor\" data-id=\"a0fee62\" data-element_type=\"widget\" data-e-type=\"widget\" data-widget_type=\"text-editor.default\">\n\t\t\t\t<div class=\"elementor-widget-container\">\n\t\t\t\t\t\t\t\t\t<p style=\"text-align: justify;\">Ci riferiamo in questa categoria a ristoranti la cui cucina ci fa sentire di essere nella bella Italia, perch\u00e9 si percepisce, assaggiando i loro piatti, siano essi di pasta o pizza, che sono fatti con tutto l\u2019amore della loro terra e della loro tradizione. Pasta e pizza per deliziare gli amanti dell\u2019arte dell\u2019impasto.<\/p>\n\t\t\t\t\t\t\t\t<\/div>\n\t\t\t\t<\/div>\n\t\t\t\t<div class=\"elementor-element elementor-element-9bcc65c elementor-widget elementor-widget-jet-listing-grid\" data-id=\"9bcc65c\" data-element_type=\"widget\" data-e-type=\"widget\" data-settings=\"{&quot;columns&quot;:&quot;2&quot;,&quot;columns_mobile&quot;:&quot;1&quot;}\" data-widget_type=\"jet-listing-grid.default\">\n\t\t\t\t<div class=\"elementor-widget-container\">\n\t\t\t\t\t<div class=\"jet-listing-grid jet-listing\"><div class=\"jet-listing-grid__items grid-col-desk-2 grid-col-tablet-2 grid-col-mobile-1 jet-listing-grid--3982\" data-queried-id=\"1322|WP_Post\" data-nav=\"{&quot;enabled&quot;:false,&quot;type&quot;:null,&quot;more_el&quot;:null,&quot;query&quot;:[],&quot;widget_settings&quot;:{&quot;lisitng_id&quot;:3982,&quot;posts_num&quot;:6,&quot;columns&quot;:2,&quot;columns_tablet&quot;:2,&quot;columns_mobile&quot;:1,&quot;column_min_width&quot;:240,&quot;column_min_width_tablet&quot;:240,&quot;column_min_width_mobile&quot;:240,&quot;inline_columns_css&quot;:false,&quot;is_archive_template&quot;:&quot;&quot;,&quot;post_status&quot;:[&quot;publish&quot;],&quot;use_random_posts_num&quot;:&quot;&quot;,&quot;max_posts_num&quot;:9,&quot;not_found_message&quot;:&quot;.....&quot;,&quot;is_masonry&quot;:false,&quot;equal_columns_height&quot;:&quot;&quot;,&quot;use_load_more&quot;:&quot;&quot;,&quot;load_more_id&quot;:&quot;&quot;,&quot;load_more_type&quot;:&quot;click&quot;,&quot;load_more_offset&quot;:{&quot;unit&quot;:&quot;px&quot;,&quot;size&quot;:0,&quot;sizes&quot;:[]},&quot;use_custom_post_types&quot;:&quot;&quot;,&quot;custom_post_types&quot;:[],&quot;hide_widget_if&quot;:&quot;&quot;,&quot;carousel_enabled&quot;:&quot;&quot;,&quot;slides_to_scroll&quot;:&quot;1&quot;,&quot;arrows&quot;:&quot;true&quot;,&quot;arrow_icon&quot;:&quot;fa fa-angle-left&quot;,&quot;dots&quot;:&quot;&quot;,&quot;autoplay&quot;:&quot;true&quot;,&quot;pause_on_hover&quot;:&quot;true&quot;,&quot;autoplay_speed&quot;:5000,&quot;infinite&quot;:&quot;true&quot;,&quot;center_mode&quot;:&quot;&quot;,&quot;effect&quot;:&quot;slide&quot;,&quot;speed&quot;:500,&quot;inject_alternative_items&quot;:&quot;&quot;,&quot;injection_items&quot;:[],&quot;scroll_slider_enabled&quot;:&quot;&quot;,&quot;scroll_slider_on&quot;:[&quot;desktop&quot;,&quot;tablet&quot;,&quot;mobile&quot;],&quot;custom_query&quot;:&quot;yes&quot;,&quot;custom_query_id&quot;:&quot;8&quot;,&quot;_element_id&quot;:&quot;&quot;,&quot;collapse_first_last_gap&quot;:false,&quot;list_tag_selection&quot;:&quot;&quot;,&quot;list_items_wrapper_tag&quot;:&quot;div&quot;,&quot;list_item_tag&quot;:&quot;div&quot;,&quot;empty_items_wrapper_tag&quot;:&quot;div&quot;}}\" data-page=\"1\" data-pages=\"1\" data-listing-source=\"query\" data-listing-id=\"3982\" data-query-id=\"8\"><div class=\"jet-listing-grid__item jet-listing-dynamic-post-6236\" data-post-id=\"6236\"  >\t\t<div data-elementor-type=\"jet-listing-items\" data-elementor-id=\"3982\" class=\"elementor elementor-3982\" data-elementor-post-type=\"jet-engine\">\n\t\t\t\t\t\t<section class=\"elementor-section elementor-top-section elementor-element elementor-element-979361a elementor-section-boxed elementor-section-height-default elementor-section-height-default\" data-id=\"979361a\" data-element_type=\"section\" data-e-type=\"section\">\n\t\t\t\t\t\t<div class=\"elementor-container elementor-column-gap-default\">\n\t\t\t\t\t<div class=\"elementor-column elementor-col-100 elementor-top-column elementor-element elementor-element-8e5d127\" data-id=\"8e5d127\" data-element_type=\"column\" data-e-type=\"column\">\n\t\t\t<div class=\"elementor-widget-wrap elementor-element-populated\">\n\t\t\t\t\t\t<div class=\"elementor-element elementor-element-fd2ec9d elementor-widget elementor-widget-jet-listing-dynamic-image\" data-id=\"fd2ec9d\" data-element_type=\"widget\" data-e-type=\"widget\" data-widget_type=\"jet-listing-dynamic-image.default\">\n\t\t\t\t<div class=\"elementor-widget-container\">\n\t\t\t\t\t<div class=\"jet-listing jet-listing-dynamic-image\" ><a href=\"https:\/\/restaurantes-valencia.com\/it\/ristoranti\/me-te-mano-pizzeria\/\" class=\"jet-listing-dynamic-image__link\"><img fetchpriority=\"high\" decoding=\"async\" width=\"700\" height=\"300\" src=\"https:\/\/restaurantes-valencia.com\/wp-content\/uploads\/Me-Te-Mano-Pizzeria-en-Valencia.webp\" class=\"jet-listing-dynamic-image__img attachment-full size-full wp-post-image\" alt=\"Me Te Ma\u00f1o - Pizzer\u00eda en Valencia\" srcset=\"https:\/\/restaurantes-valencia.com\/wp-content\/uploads\/Me-Te-Mano-Pizzeria-en-Valencia.webp 700w, https:\/\/restaurantes-valencia.com\/wp-content\/uploads\/Me-Te-Mano-Pizzeria-en-Valencia-300x129.webp 300w\" sizes=\"(max-width: 700px) 100vw, 700px\" loading=\"eager\" \/><\/a><\/div>\t\t\t\t<\/div>\n\t\t\t\t<\/div>\n\t\t\t\t<div class=\"elementor-element elementor-element-0f140c4 elementor-widget elementor-widget-jet-listing-dynamic-link\" data-id=\"0f140c4\" data-element_type=\"widget\" data-e-type=\"widget\" data-widget_type=\"jet-listing-dynamic-link.default\">\n\t\t\t\t<div class=\"elementor-widget-container\">\n\t\t\t\t\t<div class=\"jet-listing jet-listing-dynamic-link\"><a href=\"https:\/\/restaurantes-valencia.com\/it\/ristoranti\/me-te-mano-pizzeria\/\" class=\"jet-listing-dynamic-link__link\"><span class=\"jet-listing-dynamic-link__label\">Me te Ma\u00f1o<\/span><\/a><\/div>\t\t\t\t<\/div>\n\t\t\t\t<\/div>\n\t\t\t\t<div class=\"elementor-element elementor-element-52c0d53 elementor-widget elementor-widget-jet-listing-dynamic-link\" data-id=\"52c0d53\" data-element_type=\"widget\" data-e-type=\"widget\" data-widget_type=\"jet-listing-dynamic-link.default\">\n\t\t\t\t<div class=\"elementor-widget-container\">\n\t\t\t\t\t<div class=\"jet-listing jet-listing-dynamic-link\"><a href=\"https:\/\/restaurantes-valencia.com\/it\/ristoranti\/me-te-mano-pizzeria\/\" class=\"jet-listing-dynamic-link__link\" target=\"_blank\"><span class=\"jet-listing-dynamic-link__label\">Avenida del Puerto, 217 - 46022<\/span><\/a><\/div>\t\t\t\t<\/div>\n\t\t\t\t<\/div>\n\t\t\t\t<div class=\"elementor-element elementor-element-d4dd4d4 elementor-widget elementor-widget-jet-listing-dynamic-link\" data-id=\"d4dd4d4\" data-element_type=\"widget\" data-e-type=\"widget\" data-widget_type=\"jet-listing-dynamic-link.default\">\n\t\t\t\t<div class=\"elementor-widget-container\">\n\t\t\t\t\t<div class=\"jet-listing jet-listing-dynamic-link\"><a href=\"Tel:+34960494468\" class=\"jet-listing-dynamic-link__link\" target=\"_blank\"><i class=\"jet-listing-dynamic-link__icon fas fa-phone-volume\" aria-hidden=\"true\"><\/i><span class=\"jet-listing-dynamic-link__label\">960494468<\/span><\/a><\/div>\t\t\t\t<\/div>\n\t\t\t\t<\/div>\n\t\t\t\t<div class=\"elementor-element elementor-element-25fa643 elementor-widget elementor-widget-jet-listing-dynamic-field\" data-id=\"25fa643\" data-element_type=\"widget\" data-e-type=\"widget\" data-widget_type=\"jet-listing-dynamic-field.default\">\n\t\t\t\t<div class=\"elementor-widget-container\">\n\t\t\t\t\t<div class=\"jet-listing jet-listing-dynamic-field display-inline\"><div class=\"jet-listing-dynamic-field__inline-wrap\"><div class=\"jet-listing-dynamic-field__content\" >tre ragazzi italiani, di Roma, uniti in un unico progetto: servire una pizza di qualit\u00e0 con voglia d'innovazione e con rispetto alla tradizione.<\/div><\/div><\/div>\t\t\t\t<\/div>\n\t\t\t\t<\/div>\n\t\t\t\t\t<\/div>\n\t\t<\/div>\n\t\t\t\t\t<\/div>\n\t\t<\/section>\n\t\t\t\t<\/div>\n\t\t<\/div><div class=\"jet-listing-grid__item jet-listing-dynamic-post-4454\" data-post-id=\"4454\"  >\t\t<div data-elementor-type=\"jet-listing-items\" data-elementor-id=\"3982\" class=\"elementor elementor-3982\" data-elementor-post-type=\"jet-engine\">\n\t\t\t\t\t\t<section class=\"elementor-section elementor-top-section elementor-element elementor-element-979361a elementor-section-boxed elementor-section-height-default elementor-section-height-default\" data-id=\"979361a\" data-element_type=\"section\" data-e-type=\"section\">\n\t\t\t\t\t\t<div class=\"elementor-container elementor-column-gap-default\">\n\t\t\t\t\t<div class=\"elementor-column elementor-col-100 elementor-top-column elementor-element elementor-element-8e5d127\" data-id=\"8e5d127\" data-element_type=\"column\" data-e-type=\"column\">\n\t\t\t<div class=\"elementor-widget-wrap elementor-element-populated\">\n\t\t\t\t\t\t<div class=\"elementor-element elementor-element-fd2ec9d elementor-widget elementor-widget-jet-listing-dynamic-image\" data-id=\"fd2ec9d\" data-element_type=\"widget\" data-e-type=\"widget\" data-widget_type=\"jet-listing-dynamic-image.default\">\n\t\t\t\t<div class=\"elementor-widget-container\">\n\t\t\t\t\t<div class=\"jet-listing jet-listing-dynamic-image\" ><a href=\"https:\/\/restaurantes-valencia.com\/it\/ristoranti\/pizzeria-la-bonarda\/\" class=\"jet-listing-dynamic-image__link\"><img decoding=\"async\" width=\"700\" height=\"300\" src=\"https:\/\/restaurantes-valencia.com\/wp-content\/uploads\/rest-bonarda-1.jpg\" class=\"jet-listing-dynamic-image__img attachment-full size-full wp-post-image\" alt=\"Restaurante Pizzeria Valencia\" srcset=\"https:\/\/restaurantes-valencia.com\/wp-content\/uploads\/rest-bonarda-1.jpg 700w, https:\/\/restaurantes-valencia.com\/wp-content\/uploads\/rest-bonarda-1-300x129.jpg 300w\" sizes=\"(max-width: 700px) 100vw, 700px\" loading=\"eager\" \/><\/a><\/div>\t\t\t\t<\/div>\n\t\t\t\t<\/div>\n\t\t\t\t<div class=\"elementor-element elementor-element-0f140c4 elementor-widget elementor-widget-jet-listing-dynamic-link\" data-id=\"0f140c4\" data-element_type=\"widget\" data-e-type=\"widget\" data-widget_type=\"jet-listing-dynamic-link.default\">\n\t\t\t\t<div class=\"elementor-widget-container\">\n\t\t\t\t\t<div class=\"jet-listing jet-listing-dynamic-link\"><a href=\"https:\/\/restaurantes-valencia.com\/it\/ristoranti\/pizzeria-la-bonarda\/\" class=\"jet-listing-dynamic-link__link\"><span class=\"jet-listing-dynamic-link__label\">La Bonarda<\/span><\/a><\/div>\t\t\t\t<\/div>\n\t\t\t\t<\/div>\n\t\t\t\t<div class=\"elementor-element elementor-element-52c0d53 elementor-widget elementor-widget-jet-listing-dynamic-link\" data-id=\"52c0d53\" data-element_type=\"widget\" data-e-type=\"widget\" data-widget_type=\"jet-listing-dynamic-link.default\">\n\t\t\t\t<div class=\"elementor-widget-container\">\n\t\t\t\t\t<div class=\"jet-listing jet-listing-dynamic-link\"><a href=\"https:\/\/restaurantes-valencia.com\/it\/ristoranti\/pizzeria-la-bonarda\/\" class=\"jet-listing-dynamic-link__link\" target=\"_blank\"><span class=\"jet-listing-dynamic-link__label\">Calle de la Amistad, 7 - 46021<\/span><\/a><\/div>\t\t\t\t<\/div>\n\t\t\t\t<\/div>\n\t\t\t\t<div class=\"elementor-element elementor-element-d4dd4d4 elementor-widget elementor-widget-jet-listing-dynamic-link\" data-id=\"d4dd4d4\" data-element_type=\"widget\" data-e-type=\"widget\" data-widget_type=\"jet-listing-dynamic-link.default\">\n\t\t\t\t<div class=\"elementor-widget-container\">\n\t\t\t\t\t<div class=\"jet-listing jet-listing-dynamic-link\"><a href=\"Tel:+34960150355\" class=\"jet-listing-dynamic-link__link\" target=\"_blank\"><i class=\"jet-listing-dynamic-link__icon fas fa-phone-volume\" aria-hidden=\"true\"><\/i><span class=\"jet-listing-dynamic-link__label\">960150355<\/span><\/a><\/div>\t\t\t\t<\/div>\n\t\t\t\t<\/div>\n\t\t\t\t<div class=\"elementor-element elementor-element-25fa643 elementor-widget elementor-widget-jet-listing-dynamic-field\" data-id=\"25fa643\" data-element_type=\"widget\" data-e-type=\"widget\" data-widget_type=\"jet-listing-dynamic-field.default\">\n\t\t\t\t<div class=\"elementor-widget-container\">\n\t\t\t\t\t<div class=\"jet-listing jet-listing-dynamic-field display-inline\"><div class=\"jet-listing-dynamic-field__inline-wrap\"><div class=\"jet-listing-dynamic-field__content\" >Il ristorante pizzeria La Bonarda si caratterizza per la sua semplicit\u00e0, sia nei piatti che propone ai suoi clienti, sia nel modo di trattarli, che \u00e8 familiare e informale. Il ristorante prende il nome dal famoso vitigno che appartiene a diverse DOP del Piemonte (Italia).<\/div><\/div><\/div>\t\t\t\t<\/div>\n\t\t\t\t<\/div>\n\t\t\t\t\t<\/div>\n\t\t<\/div>\n\t\t\t\t\t<\/div>\n\t\t<\/section>\n\t\t\t\t<\/div>\n\t\t<\/div><div class=\"jet-listing-grid__item jet-listing-dynamic-post-3946\" data-post-id=\"3946\"  >\t\t<div data-elementor-type=\"jet-listing-items\" data-elementor-id=\"3982\" class=\"elementor elementor-3982\" data-elementor-post-type=\"jet-engine\">\n\t\t\t\t\t\t<section class=\"elementor-section elementor-top-section elementor-element elementor-element-979361a elementor-section-boxed elementor-section-height-default elementor-section-height-default\" data-id=\"979361a\" data-element_type=\"section\" data-e-type=\"section\">\n\t\t\t\t\t\t<div class=\"elementor-container elementor-column-gap-default\">\n\t\t\t\t\t<div class=\"elementor-column elementor-col-100 elementor-top-column elementor-element elementor-element-8e5d127\" data-id=\"8e5d127\" data-element_type=\"column\" data-e-type=\"column\">\n\t\t\t<div class=\"elementor-widget-wrap elementor-element-populated\">\n\t\t\t\t\t\t<div class=\"elementor-element elementor-element-fd2ec9d elementor-widget elementor-widget-jet-listing-dynamic-image\" data-id=\"fd2ec9d\" data-element_type=\"widget\" data-e-type=\"widget\" data-widget_type=\"jet-listing-dynamic-image.default\">\n\t\t\t\t<div class=\"elementor-widget-container\">\n\t\t\t\t\t<div class=\"jet-listing jet-listing-dynamic-image\" ><a href=\"https:\/\/restaurantes-valencia.com\/it\/ristoranti\/pizzeria-acqua-e-farina\/\" class=\"jet-listing-dynamic-image__link\"><img decoding=\"async\" width=\"700\" height=\"300\" src=\"https:\/\/restaurantes-valencia.com\/wp-content\/uploads\/pizzeria-acqua-e-farina-russafa.jpg\" class=\"jet-listing-dynamic-image__img attachment-full size-full wp-post-image\" alt=\"Pizzeria Acqua e Farina - Russafa\" srcset=\"https:\/\/restaurantes-valencia.com\/wp-content\/uploads\/pizzeria-acqua-e-farina-russafa.jpg 700w, https:\/\/restaurantes-valencia.com\/wp-content\/uploads\/pizzeria-acqua-e-farina-russafa-300x129.jpg 300w\" sizes=\"(max-width: 700px) 100vw, 700px\" loading=\"eager\" \/><\/a><\/div>\t\t\t\t<\/div>\n\t\t\t\t<\/div>\n\t\t\t\t<div class=\"elementor-element elementor-element-0f140c4 elementor-widget elementor-widget-jet-listing-dynamic-link\" data-id=\"0f140c4\" data-element_type=\"widget\" data-e-type=\"widget\" data-widget_type=\"jet-listing-dynamic-link.default\">\n\t\t\t\t<div class=\"elementor-widget-container\">\n\t\t\t\t\t<div class=\"jet-listing jet-listing-dynamic-link\"><a href=\"https:\/\/restaurantes-valencia.com\/it\/ristoranti\/pizzeria-acqua-e-farina\/\" class=\"jet-listing-dynamic-link__link\"><span class=\"jet-listing-dynamic-link__label\">Acqua e Farina<\/span><\/a><\/div>\t\t\t\t<\/div>\n\t\t\t\t<\/div>\n\t\t\t\t<div class=\"elementor-element elementor-element-52c0d53 elementor-widget elementor-widget-jet-listing-dynamic-link\" data-id=\"52c0d53\" data-element_type=\"widget\" data-e-type=\"widget\" data-widget_type=\"jet-listing-dynamic-link.default\">\n\t\t\t\t<div class=\"elementor-widget-container\">\n\t\t\t\t\t<div class=\"jet-listing jet-listing-dynamic-link\"><a href=\"https:\/\/restaurantes-valencia.com\/it\/ristoranti\/pizzeria-acqua-e-farina\/\" class=\"jet-listing-dynamic-link__link\" target=\"_blank\"><span class=\"jet-listing-dynamic-link__label\">Calle Mat\u00edas Perell\u00f3, 52 - 46005<\/span><\/a><\/div>\t\t\t\t<\/div>\n\t\t\t\t<\/div>\n\t\t\t\t<div class=\"elementor-element elementor-element-d4dd4d4 elementor-widget elementor-widget-jet-listing-dynamic-link\" data-id=\"d4dd4d4\" data-element_type=\"widget\" data-e-type=\"widget\" data-widget_type=\"jet-listing-dynamic-link.default\">\n\t\t\t\t<div class=\"elementor-widget-container\">\n\t\t\t\t\t<div class=\"jet-listing jet-listing-dynamic-link\"><a href=\"Tel:+34963129788\" class=\"jet-listing-dynamic-link__link\" target=\"_blank\"><i class=\"jet-listing-dynamic-link__icon fas fa-phone-volume\" aria-hidden=\"true\"><\/i><span class=\"jet-listing-dynamic-link__label\">963129788<\/span><\/a><\/div>\t\t\t\t<\/div>\n\t\t\t\t<\/div>\n\t\t\t\t<div class=\"elementor-element elementor-element-25fa643 elementor-widget elementor-widget-jet-listing-dynamic-field\" data-id=\"25fa643\" data-element_type=\"widget\" data-e-type=\"widget\" data-widget_type=\"jet-listing-dynamic-field.default\">\n\t\t\t\t<div class=\"elementor-widget-container\">\n\t\t\t\t\t<div class=\"jet-listing jet-listing-dynamic-field display-inline\"><div class=\"jet-listing-dynamic-field__inline-wrap\"><div class=\"jet-listing-dynamic-field__content\" >Eccellente elaborazione della masa della pizza, molto leggera e digeribile, servizio corretto in un ambiente piccolo, ma carino.<\/div><\/div><\/div>\t\t\t\t<\/div>\n\t\t\t\t<\/div>\n\t\t\t\t\t<\/div>\n\t\t<\/div>\n\t\t\t\t\t<\/div>\n\t\t<\/section>\n\t\t\t\t<\/div>\n\t\t<\/div><div class=\"jet-listing-grid__item jet-listing-dynamic-post-3941\" data-post-id=\"3941\"  >\t\t<div data-elementor-type=\"jet-listing-items\" data-elementor-id=\"3982\" class=\"elementor elementor-3982\" data-elementor-post-type=\"jet-engine\">\n\t\t\t\t\t\t<section class=\"elementor-section elementor-top-section elementor-element elementor-element-979361a elementor-section-boxed elementor-section-height-default elementor-section-height-default\" data-id=\"979361a\" data-element_type=\"section\" data-e-type=\"section\">\n\t\t\t\t\t\t<div class=\"elementor-container elementor-column-gap-default\">\n\t\t\t\t\t<div class=\"elementor-column elementor-col-100 elementor-top-column elementor-element elementor-element-8e5d127\" data-id=\"8e5d127\" data-element_type=\"column\" data-e-type=\"column\">\n\t\t\t<div class=\"elementor-widget-wrap elementor-element-populated\">\n\t\t\t\t\t\t<div class=\"elementor-element elementor-element-fd2ec9d elementor-widget elementor-widget-jet-listing-dynamic-image\" data-id=\"fd2ec9d\" data-element_type=\"widget\" data-e-type=\"widget\" data-widget_type=\"jet-listing-dynamic-image.default\">\n\t\t\t\t<div class=\"elementor-widget-container\">\n\t\t\t\t\t<div class=\"jet-listing jet-listing-dynamic-image\" ><a href=\"https:\/\/restaurantes-valencia.com\/it\/ristoranti\/ristorante-taberna-mevino\/\" class=\"jet-listing-dynamic-image__link\"><img decoding=\"async\" width=\"700\" height=\"300\" src=\"https:\/\/restaurantes-valencia.com\/wp-content\/uploads\/taberna-mevino-cabanal-canamelar-vlc.jpg\" class=\"jet-listing-dynamic-image__img attachment-full size-full wp-post-image\" alt=\"Taberna Mevino\" srcset=\"https:\/\/restaurantes-valencia.com\/wp-content\/uploads\/taberna-mevino-cabanal-canamelar-vlc.jpg 700w, https:\/\/restaurantes-valencia.com\/wp-content\/uploads\/taberna-mevino-cabanal-canamelar-vlc-300x129.jpg 300w\" sizes=\"(max-width: 700px) 100vw, 700px\" loading=\"eager\" \/><\/a><\/div>\t\t\t\t<\/div>\n\t\t\t\t<\/div>\n\t\t\t\t<div class=\"elementor-element elementor-element-0f140c4 elementor-widget elementor-widget-jet-listing-dynamic-link\" data-id=\"0f140c4\" data-element_type=\"widget\" data-e-type=\"widget\" data-widget_type=\"jet-listing-dynamic-link.default\">\n\t\t\t\t<div class=\"elementor-widget-container\">\n\t\t\t\t\t<div class=\"jet-listing jet-listing-dynamic-link\"><a href=\"https:\/\/restaurantes-valencia.com\/it\/ristoranti\/ristorante-taberna-mevino\/\" class=\"jet-listing-dynamic-link__link\"><span class=\"jet-listing-dynamic-link__label\">Taberna Mevino<\/span><\/a><\/div>\t\t\t\t<\/div>\n\t\t\t\t<\/div>\n\t\t\t\t<div class=\"elementor-element elementor-element-52c0d53 elementor-widget elementor-widget-jet-listing-dynamic-link\" data-id=\"52c0d53\" data-element_type=\"widget\" data-e-type=\"widget\" data-widget_type=\"jet-listing-dynamic-link.default\">\n\t\t\t\t<div class=\"elementor-widget-container\">\n\t\t\t\t\t<div class=\"jet-listing jet-listing-dynamic-link\"><a href=\"https:\/\/restaurantes-valencia.com\/it\/ristoranti\/ristorante-taberna-mevino\/\" class=\"jet-listing-dynamic-link__link\" target=\"_blank\"><span class=\"jet-listing-dynamic-link__label\">Carrer de Josep Benlliure, 117<\/span><\/a><\/div>\t\t\t\t<\/div>\n\t\t\t\t<\/div>\n\t\t\t\t<div class=\"elementor-element elementor-element-d4dd4d4 elementor-widget elementor-widget-jet-listing-dynamic-link\" data-id=\"d4dd4d4\" data-element_type=\"widget\" data-e-type=\"widget\" data-widget_type=\"jet-listing-dynamic-link.default\">\n\t\t\t\t<div class=\"elementor-widget-container\">\n\t\t\t\t\t<div class=\"jet-listing jet-listing-dynamic-link\"><a href=\"Tel:+34961057498\" class=\"jet-listing-dynamic-link__link\" target=\"_blank\"><i class=\"jet-listing-dynamic-link__icon fas fa-phone-volume\" aria-hidden=\"true\"><\/i><span class=\"jet-listing-dynamic-link__label\">961057498<\/span><\/a><\/div>\t\t\t\t<\/div>\n\t\t\t\t<\/div>\n\t\t\t\t<div class=\"elementor-element elementor-element-25fa643 elementor-widget elementor-widget-jet-listing-dynamic-field\" data-id=\"25fa643\" data-element_type=\"widget\" data-e-type=\"widget\" data-widget_type=\"jet-listing-dynamic-field.default\">\n\t\t\t\t<div class=\"elementor-widget-container\">\n\t\t\t\t\t<div class=\"jet-listing jet-listing-dynamic-field display-inline\"><div class=\"jet-listing-dynamic-field__inline-wrap\"><div class=\"jet-listing-dynamic-field__content\" >Taverna specializzata in vini naturali con cucina di mercato, formaggi e salumi artigianali. Un luogo adatto per rifugiarsi e staccare la spina dalla vita reale, degustando la qualit\u00e0 delle pietanze e di una buon bicchiere di vino.<\/div><\/div><\/div>\t\t\t\t<\/div>\n\t\t\t\t<\/div>\n\t\t\t\t\t<\/div>\n\t\t<\/div>\n\t\t\t\t\t<\/div>\n\t\t<\/section>\n\t\t\t\t<\/div>\n\t\t<\/div><div class=\"jet-listing-grid__item jet-listing-dynamic-post-3929\" data-post-id=\"3929\"  >\t\t<div data-elementor-type=\"jet-listing-items\" data-elementor-id=\"3982\" class=\"elementor elementor-3982\" data-elementor-post-type=\"jet-engine\">\n\t\t\t\t\t\t<section class=\"elementor-section elementor-top-section elementor-element elementor-element-979361a elementor-section-boxed elementor-section-height-default elementor-section-height-default\" data-id=\"979361a\" data-element_type=\"section\" data-e-type=\"section\">\n\t\t\t\t\t\t<div class=\"elementor-container elementor-column-gap-default\">\n\t\t\t\t\t<div class=\"elementor-column elementor-col-100 elementor-top-column elementor-element elementor-element-8e5d127\" data-id=\"8e5d127\" data-element_type=\"column\" data-e-type=\"column\">\n\t\t\t<div class=\"elementor-widget-wrap elementor-element-populated\">\n\t\t\t\t\t\t<div class=\"elementor-element elementor-element-0f140c4 elementor-widget elementor-widget-jet-listing-dynamic-link\" data-id=\"0f140c4\" data-element_type=\"widget\" data-e-type=\"widget\" data-widget_type=\"jet-listing-dynamic-link.default\">\n\t\t\t\t<div class=\"elementor-widget-container\">\n\t\t\t\t\t<div class=\"jet-listing jet-listing-dynamic-link\"><a href=\"https:\/\/restaurantes-valencia.com\/it\/ristoranti\/ristorante-taberna-deevinoteca\/\" class=\"jet-listing-dynamic-link__link\"><span class=\"jet-listing-dynamic-link__label\">Taberna DeeVinoteca<\/span><\/a><\/div>\t\t\t\t<\/div>\n\t\t\t\t<\/div>\n\t\t\t\t<div class=\"elementor-element elementor-element-52c0d53 elementor-widget elementor-widget-jet-listing-dynamic-link\" data-id=\"52c0d53\" data-element_type=\"widget\" data-e-type=\"widget\" data-widget_type=\"jet-listing-dynamic-link.default\">\n\t\t\t\t<div class=\"elementor-widget-container\">\n\t\t\t\t\t<div class=\"jet-listing jet-listing-dynamic-link\"><a href=\"https:\/\/restaurantes-valencia.com\/it\/ristoranti\/ristorante-taberna-deevinoteca\/\" class=\"jet-listing-dynamic-link__link\" target=\"_blank\"><span class=\"jet-listing-dynamic-link__label\">Calle Ercilla 25 - 46001<\/span><\/a><\/div>\t\t\t\t<\/div>\n\t\t\t\t<\/div>\n\t\t\t\t<div class=\"elementor-element elementor-element-d4dd4d4 elementor-widget elementor-widget-jet-listing-dynamic-link\" data-id=\"d4dd4d4\" data-element_type=\"widget\" data-e-type=\"widget\" data-widget_type=\"jet-listing-dynamic-link.default\">\n\t\t\t\t<div class=\"elementor-widget-container\">\n\t\t\t\t\t<div class=\"jet-listing jet-listing-dynamic-link\"><a href=\"Tel:+34678345479\" class=\"jet-listing-dynamic-link__link\" target=\"_blank\"><i class=\"jet-listing-dynamic-link__icon fas fa-phone-volume\" aria-hidden=\"true\"><\/i><span class=\"jet-listing-dynamic-link__label\">678345479<\/span><\/a><\/div>\t\t\t\t<\/div>\n\t\t\t\t<\/div>\n\t\t\t\t<div class=\"elementor-element elementor-element-25fa643 elementor-widget elementor-widget-jet-listing-dynamic-field\" data-id=\"25fa643\" data-element_type=\"widget\" data-e-type=\"widget\" data-widget_type=\"jet-listing-dynamic-field.default\">\n\t\t\t\t<div class=\"elementor-widget-container\">\n\t\t\t\t\t<div class=\"jet-listing jet-listing-dynamic-field display-inline\"><div class=\"jet-listing-dynamic-field__inline-wrap\"><div class=\"jet-listing-dynamic-field__content\" >Un'atmosfera amichevole e familiare dove provare piatti preparati con ingredienti di qualit\u00e0. L'offerta culinaria della Taberna DeeVinoteca \u00e8 semplice e ben strutturata. \u00c8 un punto di riferimento nel centro di Valencia per un ottimo bicchiere di vino italiano.<\/div><\/div><\/div>\t\t\t\t<\/div>\n\t\t\t\t<\/div>\n\t\t\t\t\t<\/div>\n\t\t<\/div>\n\t\t\t\t\t<\/div>\n\t\t<\/section>\n\t\t\t\t<\/div>\n\t\t<\/div><div class=\"jet-listing-grid__item jet-listing-dynamic-post-3901\" data-post-id=\"3901\"  >\t\t<div data-elementor-type=\"jet-listing-items\" data-elementor-id=\"3982\" class=\"elementor elementor-3982\" data-elementor-post-type=\"jet-engine\">\n\t\t\t\t\t\t<section class=\"elementor-section elementor-top-section elementor-element elementor-element-979361a elementor-section-boxed elementor-section-height-default elementor-section-height-default\" data-id=\"979361a\" data-element_type=\"section\" data-e-type=\"section\">\n\t\t\t\t\t\t<div class=\"elementor-container elementor-column-gap-default\">\n\t\t\t\t\t<div class=\"elementor-column elementor-col-100 elementor-top-column elementor-element elementor-element-8e5d127\" data-id=\"8e5d127\" data-element_type=\"column\" data-e-type=\"column\">\n\t\t\t<div class=\"elementor-widget-wrap elementor-element-populated\">\n\t\t\t\t\t\t<div class=\"elementor-element elementor-element-fd2ec9d elementor-widget elementor-widget-jet-listing-dynamic-image\" data-id=\"fd2ec9d\" data-element_type=\"widget\" data-e-type=\"widget\" data-widget_type=\"jet-listing-dynamic-image.default\">\n\t\t\t\t<div class=\"elementor-widget-container\">\n\t\t\t\t\t<div class=\"jet-listing jet-listing-dynamic-image\" ><a href=\"https:\/\/restaurantes-valencia.com\/it\/ristoranti\/pizzeria-viva-napoli\/\" class=\"jet-listing-dynamic-image__link\"><img decoding=\"async\" width=\"700\" height=\"300\" src=\"https:\/\/restaurantes-valencia.com\/wp-content\/uploads\/rest-viva-napoli.jpg\" class=\"jet-listing-dynamic-image__img attachment-full size-full wp-post-image\" alt=\"Pizzeria Viva Napoli - pizza napoletana\" srcset=\"https:\/\/restaurantes-valencia.com\/wp-content\/uploads\/rest-viva-napoli.jpg 700w, https:\/\/restaurantes-valencia.com\/wp-content\/uploads\/rest-viva-napoli-300x129.jpg 300w\" sizes=\"(max-width: 700px) 100vw, 700px\" loading=\"eager\" \/><\/a><\/div>\t\t\t\t<\/div>\n\t\t\t\t<\/div>\n\t\t\t\t<div class=\"elementor-element elementor-element-0f140c4 elementor-widget elementor-widget-jet-listing-dynamic-link\" data-id=\"0f140c4\" data-element_type=\"widget\" data-e-type=\"widget\" data-widget_type=\"jet-listing-dynamic-link.default\">\n\t\t\t\t<div class=\"elementor-widget-container\">\n\t\t\t\t\t<div class=\"jet-listing jet-listing-dynamic-link\"><a href=\"https:\/\/restaurantes-valencia.com\/it\/ristoranti\/pizzeria-viva-napoli\/\" class=\"jet-listing-dynamic-link__link\"><span class=\"jet-listing-dynamic-link__label\">Viva Napoli<\/span><\/a><\/div>\t\t\t\t<\/div>\n\t\t\t\t<\/div>\n\t\t\t\t<div class=\"elementor-element elementor-element-52c0d53 elementor-widget elementor-widget-jet-listing-dynamic-link\" data-id=\"52c0d53\" data-element_type=\"widget\" data-e-type=\"widget\" data-widget_type=\"jet-listing-dynamic-link.default\">\n\t\t\t\t<div class=\"elementor-widget-container\">\n\t\t\t\t\t<div class=\"jet-listing jet-listing-dynamic-link\"><a href=\"https:\/\/restaurantes-valencia.com\/it\/ristoranti\/pizzeria-viva-napoli\/\" class=\"jet-listing-dynamic-link__link\" target=\"_blank\"><span class=\"jet-listing-dynamic-link__label\">Calle de la Reina, 60 - 46011<\/span><\/a><\/div>\t\t\t\t<\/div>\n\t\t\t\t<\/div>\n\t\t\t\t<div class=\"elementor-element elementor-element-d4dd4d4 elementor-widget elementor-widget-jet-listing-dynamic-link\" data-id=\"d4dd4d4\" data-element_type=\"widget\" data-e-type=\"widget\" data-widget_type=\"jet-listing-dynamic-link.default\">\n\t\t\t\t<div class=\"elementor-widget-container\">\n\t\t\t\t\t<div class=\"jet-listing jet-listing-dynamic-link\"><a href=\"Tel:+34961002193\" class=\"jet-listing-dynamic-link__link\" target=\"_blank\"><i class=\"jet-listing-dynamic-link__icon fas fa-phone-volume\" aria-hidden=\"true\"><\/i><span class=\"jet-listing-dynamic-link__label\">961002193<\/span><\/a><\/div>\t\t\t\t<\/div>\n\t\t\t\t<\/div>\n\t\t\t\t<div class=\"elementor-element elementor-element-25fa643 elementor-widget elementor-widget-jet-listing-dynamic-field\" data-id=\"25fa643\" data-element_type=\"widget\" data-e-type=\"widget\" data-widget_type=\"jet-listing-dynamic-field.default\">\n\t\t\t\t<div class=\"elementor-widget-container\">\n\t\t\t\t\t<div class=\"jet-listing jet-listing-dynamic-field display-inline\"><div class=\"jet-listing-dynamic-field__inline-wrap\"><div class=\"jet-listing-dynamic-field__content\" >Il ristorante pizzeria Viva Napoli \u00e8 stato pioniere a Valencia offrendo ai suoi clienti la \"pizza al metro\". Un delizioso metro da condividere con amici o familiari. Pizza napoletana a Valencia.<\/div><\/div><\/div>\t\t\t\t<\/div>\n\t\t\t\t<\/div>\n\t\t\t\t\t<\/div>\n\t\t<\/div>\n\t\t\t\t\t<\/div>\n\t\t<\/section>\n\t\t\t\t<\/div>\n\t\t<\/div><div class=\"jet-listing-grid__item jet-listing-dynamic-post-3839\" data-post-id=\"3839\"  >\t\t<div data-elementor-type=\"jet-listing-items\" data-elementor-id=\"3982\" class=\"elementor elementor-3982\" data-elementor-post-type=\"jet-engine\">\n\t\t\t\t\t\t<section class=\"elementor-section elementor-top-section elementor-element elementor-element-979361a elementor-section-boxed elementor-section-height-default elementor-section-height-default\" data-id=\"979361a\" data-element_type=\"section\" data-e-type=\"section\">\n\t\t\t\t\t\t<div class=\"elementor-container elementor-column-gap-default\">\n\t\t\t\t\t<div class=\"elementor-column elementor-col-100 elementor-top-column elementor-element elementor-element-8e5d127\" data-id=\"8e5d127\" data-element_type=\"column\" data-e-type=\"column\">\n\t\t\t<div class=\"elementor-widget-wrap elementor-element-populated\">\n\t\t\t\t\t\t<div class=\"elementor-element elementor-element-fd2ec9d elementor-widget elementor-widget-jet-listing-dynamic-image\" data-id=\"fd2ec9d\" data-element_type=\"widget\" data-e-type=\"widget\" data-widget_type=\"jet-listing-dynamic-image.default\">\n\t\t\t\t<div class=\"elementor-widget-container\">\n\t\t\t\t\t<div class=\"jet-listing jet-listing-dynamic-image\" ><a href=\"https:\/\/restaurantes-valencia.com\/it\/ristoranti\/pizzeria-la-forcola\/\" class=\"jet-listing-dynamic-image__link\"><img decoding=\"async\" width=\"700\" height=\"300\" src=\"https:\/\/restaurantes-valencia.com\/wp-content\/uploads\/rest-forcola-1.jpg\" class=\"jet-listing-dynamic-image__img attachment-full size-full wp-post-image\" alt=\"Restaurante pizzeria Forcola\" srcset=\"https:\/\/restaurantes-valencia.com\/wp-content\/uploads\/rest-forcola-1.jpg 700w, https:\/\/restaurantes-valencia.com\/wp-content\/uploads\/rest-forcola-1-300x129.jpg 300w\" sizes=\"(max-width: 700px) 100vw, 700px\" loading=\"eager\" \/><\/a><\/div>\t\t\t\t<\/div>\n\t\t\t\t<\/div>\n\t\t\t\t<div class=\"elementor-element elementor-element-0f140c4 elementor-widget elementor-widget-jet-listing-dynamic-link\" data-id=\"0f140c4\" data-element_type=\"widget\" data-e-type=\"widget\" data-widget_type=\"jet-listing-dynamic-link.default\">\n\t\t\t\t<div class=\"elementor-widget-container\">\n\t\t\t\t\t<div class=\"jet-listing jet-listing-dynamic-link\"><a href=\"https:\/\/restaurantes-valencia.com\/it\/ristoranti\/pizzeria-la-forcola\/\" class=\"jet-listing-dynamic-link__link\"><span class=\"jet-listing-dynamic-link__label\">La Forcola<\/span><\/a><\/div>\t\t\t\t<\/div>\n\t\t\t\t<\/div>\n\t\t\t\t<div class=\"elementor-element elementor-element-52c0d53 elementor-widget elementor-widget-jet-listing-dynamic-link\" data-id=\"52c0d53\" data-element_type=\"widget\" data-e-type=\"widget\" data-widget_type=\"jet-listing-dynamic-link.default\">\n\t\t\t\t<div class=\"elementor-widget-container\">\n\t\t\t\t\t<div class=\"jet-listing jet-listing-dynamic-link\"><a href=\"https:\/\/restaurantes-valencia.com\/it\/ristoranti\/pizzeria-la-forcola\/\" class=\"jet-listing-dynamic-link__link\" target=\"_blank\"><span class=\"jet-listing-dynamic-link__label\">Calle Borrull, 29 - 46008<\/span><\/a><\/div>\t\t\t\t<\/div>\n\t\t\t\t<\/div>\n\t\t\t\t<div class=\"elementor-element elementor-element-d4dd4d4 elementor-widget elementor-widget-jet-listing-dynamic-link\" data-id=\"d4dd4d4\" data-element_type=\"widget\" data-e-type=\"widget\" data-widget_type=\"jet-listing-dynamic-link.default\">\n\t\t\t\t<div class=\"elementor-widget-container\">\n\t\t\t\t\t<div class=\"jet-listing jet-listing-dynamic-link\"><a href=\"Tel:+34+34963155909\" class=\"jet-listing-dynamic-link__link\" target=\"_blank\"><i class=\"jet-listing-dynamic-link__icon fas fa-phone-volume\" aria-hidden=\"true\"><\/i><span class=\"jet-listing-dynamic-link__label\">+34963155909<\/span><\/a><\/div>\t\t\t\t<\/div>\n\t\t\t\t<\/div>\n\t\t\t\t<div class=\"elementor-element elementor-element-25fa643 elementor-widget elementor-widget-jet-listing-dynamic-field\" data-id=\"25fa643\" data-element_type=\"widget\" data-e-type=\"widget\" data-widget_type=\"jet-listing-dynamic-field.default\">\n\t\t\t\t<div class=\"elementor-widget-container\">\n\t\t\t\t\t<div class=\"jet-listing jet-listing-dynamic-field display-inline\"><div class=\"jet-listing-dynamic-field__inline-wrap\"><div class=\"jet-listing-dynamic-field__content\" >Il ristorante pizzeria Forcola \u00e8 uno dei locali che, a Valencia, \u00e8 diventato un punto di riferimento per la cucina italiana, sia in termini di piatti di pasta che di qualit\u00e0 della pizza. Molti sono gli italiani che mangiano alla Pizzeria Forcola.<\/div><\/div><\/div>\t\t\t\t<\/div>\n\t\t\t\t<\/div>\n\t\t\t\t\t<\/div>\n\t\t<\/div>\n\t\t\t\t\t<\/div>\n\t\t<\/section>\n\t\t\t\t<\/div>\n\t\t<\/div><\/div><\/div>\t\t\t\t<\/div>\n\t\t\t\t<\/div>\n\t\t\t\t\t<\/div>\n\t\t<\/div>\n\t\t\t\t<div class=\"elementor-column elementor-col-33 elementor-top-column elementor-element elementor-element-cd90b59\" data-id=\"cd90b59\" data-element_type=\"column\" data-e-type=\"column\">\n\t\t\t<div class=\"elementor-widget-wrap elementor-element-populated\">\n\t\t\t\t\t\t<div class=\"elementor-element elementor-element-0ed6a95 elementor-widget elementor-widget-shortcode\" data-id=\"0ed6a95\" data-element_type=\"widget\" data-e-type=\"widget\" data-settings=\"{&quot;sticky&quot;:&quot;top&quot;,&quot;sticky_offset&quot;:80,&quot;sticky_effects_offset&quot;:80,&quot;sticky_parent&quot;:&quot;yes&quot;,&quot;sticky_on&quot;:[&quot;desktop&quot;,&quot;tablet&quot;,&quot;mobile&quot;],&quot;sticky_anchor_link_offset&quot;:0}\" data-widget_type=\"shortcode.default\">\n\t\t\t\t<div class=\"elementor-widget-container\">\n\t\t\t\t\t\t\t<div class=\"elementor-shortcode\"><ins class=\"adsbygoogle\" style=\"display:block\" data-ad-client=\"ca-pub-7847421077389676\" data-ad-slot=\"7845336789\" data-ad-format=\"auto\" data-full-width-responsive=\"true\"><\/ins>\n<script>\n     (adsbygoogle = window.adsbygoogle || []).push({});\n<\/script><\/div>\n\t\t\t\t\t\t<\/div>\n\t\t\t\t<\/div>\n\t\t\t\t\t<\/div>\n\t\t<\/div>\n\t\t\t\t\t<\/div>\n\t\t<\/section>\n\t\t\t\t<section class=\"elementor-section elementor-top-section elementor-element elementor-element-99af692 elementor-section-boxed elementor-section-height-default elementor-section-height-default\" data-id=\"99af692\" data-element_type=\"section\" data-e-type=\"section\">\n\t\t\t\t\t\t<div class=\"elementor-container elementor-column-gap-default\">\n\t\t\t\t\t<div class=\"elementor-column elementor-col-66 elementor-top-column elementor-element elementor-element-a6bbf4b\" data-id=\"a6bbf4b\" data-element_type=\"column\" data-e-type=\"column\">\n\t\t\t<div class=\"elementor-widget-wrap elementor-element-populated\">\n\t\t\t\t\t\t<div class=\"elementor-element elementor-element-55d2761 elementor-widget elementor-widget-heading\" data-id=\"55d2761\" data-element_type=\"widget\" data-e-type=\"widget\" data-widget_type=\"heading.default\">\n\t\t\t\t<div class=\"elementor-widget-container\">\n\t\t\t\t\t<h2 class=\"elementor-heading-title elementor-size-default\">Pasta e Pizza<\/h2>\t\t\t\t<\/div>\n\t\t\t\t<\/div>\n\t\t\t\t<div class=\"elementor-element elementor-element-31a3314 elementor-widget elementor-widget-text-editor\" data-id=\"31a3314\" data-element_type=\"widget\" data-e-type=\"widget\" data-widget_type=\"text-editor.default\">\n\t\t\t\t<div class=\"elementor-widget-container\">\n\t\t\t\t\t\t\t\t\t<p>Se si parla di pasta e pizza \u00e8 inevitabile non pensare all\u2019Italia, infatti, solamente questi due piatti racchiudono gran parte dell\u2019offerta gastronomica italiana. Sono molte le attivit\u00e0 commerciali aperte da italiani trasferiti a Valencia negl\u2019ultimi anni e la gran parte di queste appartengono al settore ristorativo.<\/p>\n<p>In questa sezione vogliamo proporvi ottime realt\u00e0 gastronomiche che all\u2019interno dei loro men\u00f9 propongono piatti di pasta e pizza, ben elaborati e serviti.<br \/>\u00c8 diventato comune all\u2019interno di molti locali produrre la propria pasta fresca e ripiena, dalle tagliatelle agli spaghetti a la chitarra, dai ravioli ai tortellini.<br \/>E per quanto riguarda la pizza, nella citt\u00e0 di Valencia, la possiamo trovare sia in stile napoletano che romano, pi\u00f9 alta e soffice oppure pi\u00f9 sottile e leggermente croccante. a queste differenze abbiamo dedicato un articolo intitolato \u201cpizza napoletana o pizza romana?\u201d Non \u00e8 sempre detto che dove si mangia una buona pizza si possa trovare la stessa qualit\u00e0 nella pasta e viceversa.<\/p>\n<h2>Sapori e gusti italiani<\/h2>\n<p>La maggior parte dei locali da noi consigliati in questa sezione possiedono una conduzione ed una mentalit\u00e0 gestionale italiana. Questi due fattori portano all\u2019acquisto di una materia prima italiana che permette di offrire alla propria clientela sapori e gusti che si possono trovare e notare nella stessa Italia. Ad esempio, solo l\u2019attenzione nella cottura della pasta, crea una grande differenza tra i locali.<\/p>\n<p>A Valencia sono molti i distributori e fornitori di alimenti e materia prima italiana, questo fattore facilita i ristoratori nell\u2019acquisizione del prodotto e abbassa notevolmente, rispetto il passato, il costo della materia prima e di conseguenza diminuisce anche il prezzo dei piatti offerti nei men\u00f9 dei diversi locali.<\/p>\n<h2>Pasta e pizza per vendersi come italiani<\/h2>\n<p>Bisogna portare anche attenzione a chi si vende per italiano e non lo \u00e8. Non stiamo dicendo che la pasta e la pizza non la pu\u00f2 fare una persona non italiana, ma che esistono realt\u00e0 che approfittano dell\u2019accostamento ideologico \u201cbuona cucina italiana\u201d per offrire piatti tipici italiani utilizzando una materia prima scadente e perdendo molte volte la semplicit\u00e0 che contraddistingue la cucina italiana.<\/p>\n<h3>Suggerimenti:<\/h3>\n<p>Seguite \u201c<a href=\"http:\/\/www.turismoeticovalencia.com\/curiosa-entrevista-a-piero-viajero\/\" target=\"_blank\" rel=\"noopener\">Piero Viajero<\/a>\u201d nel suo lavoro di ambasciatore gastronomico e vi porter\u00e0 a deliziare il vostro palato in buonissime realt\u00e0 gastronomiche presenti nella citt\u00e0 di Valencia.<br \/>Se volete conoscere le tradizioni culinarie ed i piatti tipici che caratterizzano la gastronomia valenciana vi consigliamo la lettura degli articoli che potete trovare in queste due sezioni: \u201c<a href=\"https:\/\/restaurantes-valencia.com\/it\/blog-gastronomico-di-valencia\/cultura-gastronomica-valenciana\/\">Gastro cultura\u201d<\/a> e \u201c<a href=\"https:\/\/restaurantes-valencia.com\/it\/blog-gastronomico-di-valencia\/piatti-tipici-valencia\/\">Piatti tipici<\/a>\u201d.<\/p>\n\t\t\t\t\t\t\t\t<\/div>\n\t\t\t\t<\/div>\n\t\t\t\t\t<\/div>\n\t\t<\/div>\n\t\t\t\t<div class=\"elementor-column elementor-col-33 elementor-top-column elementor-element elementor-element-16f8e6e\" data-id=\"16f8e6e\" data-element_type=\"column\" data-e-type=\"column\">\n\t\t\t<div class=\"elementor-widget-wrap\">\n\t\t\t\t\t\t\t<\/div>\n\t\t<\/div>\n\t\t\t\t\t<\/div>\n\t\t<\/section>\n\t\t\t\t<\/div>\n\t\t","protected":false},"excerpt":{"rendered":"<p>Ci riferiamo in questa categoria a ristoranti la cui cucina ci fa sentire di essere nella bella Italia, perch\u00e9 si percepisce, assaggiando i loro piatti, siano essi di pasta o pizza, che sono fatti con tutto l\u2019amore della loro terra e della loro tradizione. Pasta e pizza per deliziare gli amanti dell\u2019arte dell\u2019impasto. Tres chicos [&hellip;]<\/p>\n","protected":false},"author":1,"featured_media":1663,"parent":1347,"menu_order":0,"comment_status":"closed","ping_status":"closed","template":"","meta":{"footnotes":""},"class_list":["post-1322","page","type-page","status-publish","has-post-thumbnail","hentry"],"_links":{"self":[{"href":"https:\/\/restaurantes-valencia.com\/it\/wp-json\/wp\/v2\/pages\/1322","targetHints":{"allow":["GET"]}}],"collection":[{"href":"https:\/\/restaurantes-valencia.com\/it\/wp-json\/wp\/v2\/pages"}],"about":[{"href":"https:\/\/restaurantes-valencia.com\/it\/wp-json\/wp\/v2\/types\/page"}],"author":[{"embeddable":true,"href":"https:\/\/restaurantes-valencia.com\/it\/wp-json\/wp\/v2\/users\/1"}],"replies":[{"embeddable":true,"href":"https:\/\/restaurantes-valencia.com\/it\/wp-json\/wp\/v2\/comments?post=1322"}],"version-history":[{"count":33,"href":"https:\/\/restaurantes-valencia.com\/it\/wp-json\/wp\/v2\/pages\/1322\/revisions"}],"predecessor-version":[{"id":6653,"href":"https:\/\/restaurantes-valencia.com\/it\/wp-json\/wp\/v2\/pages\/1322\/revisions\/6653"}],"up":[{"embeddable":true,"href":"https:\/\/restaurantes-valencia.com\/it\/wp-json\/wp\/v2\/pages\/1347"}],"wp:featuredmedia":[{"embeddable":true,"href":"https:\/\/restaurantes-valencia.com\/it\/wp-json\/wp\/v2\/media\/1663"}],"wp:attachment":[{"href":"https:\/\/restaurantes-valencia.com\/it\/wp-json\/wp\/v2\/media?parent=1322"}],"curies":[{"name":"wp","href":"https:\/\/api.w.org\/{rel}","templated":true}]}}