{"id":1324,"date":"2018-10-29T22:06:30","date_gmt":"2018-10-29T22:06:30","guid":{"rendered":"https:\/\/restaurantes-valencia.com\/paella-risotto\/"},"modified":"2023-02-14T22:00:00","modified_gmt":"2023-02-14T21:00:00","slug":"paella-e-risotto","status":"publish","type":"page","link":"https:\/\/restaurantes-valencia.com\/it\/cucine-e-piatti\/paella-e-risotto\/","title":{"rendered":"Paella e Risotto"},"content":{"rendered":"\t\t<div data-elementor-type=\"wp-post\" data-elementor-id=\"1324\" class=\"elementor elementor-1324 elementor-849\" data-elementor-post-type=\"page\">\n\t\t\t\t\t\t<section class=\"elementor-section elementor-top-section elementor-element elementor-element-990a699 elementor-section-boxed elementor-section-height-default elementor-section-height-default\" data-id=\"990a699\" data-element_type=\"section\" data-e-type=\"section\" data-settings=\"{&quot;background_background&quot;:&quot;classic&quot;}\">\n\t\t\t\t\t\t<div class=\"elementor-container elementor-column-gap-default\">\n\t\t\t\t\t<div class=\"elementor-column elementor-col-100 elementor-top-column elementor-element elementor-element-82041cf\" data-id=\"82041cf\" data-element_type=\"column\" data-e-type=\"column\">\n\t\t\t<div class=\"elementor-widget-wrap elementor-element-populated\">\n\t\t\t\t\t\t<div class=\"elementor-element elementor-element-52f36e9 elementor-widget elementor-widget-shortcode\" data-id=\"52f36e9\" data-element_type=\"widget\" data-e-type=\"widget\" data-widget_type=\"shortcode.default\">\n\t\t\t\t<div class=\"elementor-widget-container\">\n\t\t\t\t\t\t\t<div class=\"elementor-shortcode\"><ins class=\"adsbygoogle\" style=\"display:block\" data-ad-client=\"ca-pub-7847421077389676\" data-ad-slot=\"5989329634\" data-ad-format=\"auto\" data-full-width-responsive=\"true\"><\/ins>\n<script>\n     (adsbygoogle = window.adsbygoogle || []).push({});\n<\/script><\/div>\n\t\t\t\t\t\t<\/div>\n\t\t\t\t<\/div>\n\t\t\t\t\t<\/div>\n\t\t<\/div>\n\t\t\t\t\t<\/div>\n\t\t<\/section>\n\t\t\t\t<section class=\"elementor-section elementor-top-section elementor-element elementor-element-d77a2de elementor-section-boxed elementor-section-height-default elementor-section-height-default\" data-id=\"d77a2de\" data-element_type=\"section\" data-e-type=\"section\">\n\t\t\t\t\t\t<div class=\"elementor-container elementor-column-gap-default\">\n\t\t\t\t\t<div class=\"elementor-column elementor-col-66 elementor-top-column elementor-element elementor-element-e67b704\" data-id=\"e67b704\" data-element_type=\"column\" data-e-type=\"column\">\n\t\t\t<div class=\"elementor-widget-wrap elementor-element-populated\">\n\t\t\t\t\t\t<div class=\"elementor-element elementor-element-a6463f3 elementor-widget elementor-widget-heading\" data-id=\"a6463f3\" data-element_type=\"widget\" data-e-type=\"widget\" data-widget_type=\"heading.default\">\n\t\t\t\t<div class=\"elementor-widget-container\">\n\t\t\t\t\t<h2 class=\"elementor-heading-title elementor-size-default\">Paella e Risotto<\/h2>\t\t\t\t<\/div>\n\t\t\t\t<\/div>\n\t\t\t\t<div class=\"elementor-element elementor-element-a0fee62 elementor-widget elementor-widget-text-editor\" data-id=\"a0fee62\" data-element_type=\"widget\" data-e-type=\"widget\" data-widget_type=\"text-editor.default\">\n\t\t\t\t<div class=\"elementor-widget-container\">\n\t\t\t\t\t\t\t\t\t<p style=\"text-align: justify;\">Sezione relativa ai ristoranti che dedicano la loro cucina con orgoglio al piatto tipico, per antonomasia, alla cucina valenciana, alla paella. E che, in aggiunta, come esperti nell\u2019elaborazione di piatti di riso offrono diversi tipi di cucina tradizionale di Valencia, come il riso al forno, risotti o zuppe. Paella e risotto per soddisfare le esigenze di chi vuole assaporare la tradizione levantina del cereale pi\u00f9 famoso del mondo.<\/p>\n\t\t\t\t\t\t\t\t<\/div>\n\t\t\t\t<\/div>\n\t\t\t\t<div class=\"elementor-element elementor-element-df4958a elementor-widget elementor-widget-jet-listing-grid\" data-id=\"df4958a\" data-element_type=\"widget\" data-e-type=\"widget\" data-settings=\"{&quot;columns&quot;:&quot;2&quot;,&quot;columns_mobile&quot;:&quot;1&quot;}\" data-widget_type=\"jet-listing-grid.default\">\n\t\t\t\t<div class=\"elementor-widget-container\">\n\t\t\t\t\t<div class=\"jet-listing-grid jet-listing\"><div class=\"jet-listing-grid__items grid-col-desk-2 grid-col-tablet-2 grid-col-mobile-1 jet-listing-grid--3982\" data-queried-id=\"1324|WP_Post\" data-nav=\"{&quot;enabled&quot;:false,&quot;type&quot;:null,&quot;more_el&quot;:null,&quot;query&quot;:[],&quot;widget_settings&quot;:{&quot;lisitng_id&quot;:3982,&quot;posts_num&quot;:20,&quot;columns&quot;:2,&quot;columns_tablet&quot;:2,&quot;columns_mobile&quot;:1,&quot;column_min_width&quot;:240,&quot;column_min_width_tablet&quot;:240,&quot;column_min_width_mobile&quot;:240,&quot;inline_columns_css&quot;:false,&quot;is_archive_template&quot;:&quot;&quot;,&quot;post_status&quot;:[&quot;publish&quot;],&quot;use_random_posts_num&quot;:&quot;&quot;,&quot;max_posts_num&quot;:9,&quot;not_found_message&quot;:&quot;.....&quot;,&quot;is_masonry&quot;:false,&quot;equal_columns_height&quot;:&quot;&quot;,&quot;use_load_more&quot;:&quot;&quot;,&quot;load_more_id&quot;:&quot;&quot;,&quot;load_more_type&quot;:&quot;scroll&quot;,&quot;load_more_offset&quot;:{&quot;unit&quot;:&quot;px&quot;,&quot;size&quot;:0,&quot;sizes&quot;:[]},&quot;use_custom_post_types&quot;:&quot;&quot;,&quot;custom_post_types&quot;:[],&quot;hide_widget_if&quot;:&quot;&quot;,&quot;carousel_enabled&quot;:&quot;&quot;,&quot;slides_to_scroll&quot;:&quot;1&quot;,&quot;arrows&quot;:&quot;true&quot;,&quot;arrow_icon&quot;:&quot;fa fa-angle-left&quot;,&quot;dots&quot;:&quot;&quot;,&quot;autoplay&quot;:&quot;true&quot;,&quot;pause_on_hover&quot;:&quot;true&quot;,&quot;autoplay_speed&quot;:5000,&quot;infinite&quot;:&quot;true&quot;,&quot;center_mode&quot;:&quot;&quot;,&quot;effect&quot;:&quot;slide&quot;,&quot;speed&quot;:500,&quot;inject_alternative_items&quot;:&quot;&quot;,&quot;injection_items&quot;:[],&quot;scroll_slider_enabled&quot;:&quot;&quot;,&quot;scroll_slider_on&quot;:[&quot;desktop&quot;,&quot;tablet&quot;,&quot;mobile&quot;],&quot;custom_query&quot;:&quot;yes&quot;,&quot;custom_query_id&quot;:&quot;7&quot;,&quot;_element_id&quot;:&quot;&quot;,&quot;collapse_first_last_gap&quot;:false,&quot;list_tag_selection&quot;:&quot;&quot;,&quot;list_items_wrapper_tag&quot;:&quot;div&quot;,&quot;list_item_tag&quot;:&quot;div&quot;,&quot;empty_items_wrapper_tag&quot;:&quot;div&quot;}}\" data-page=\"1\" data-pages=\"1\" data-listing-source=\"query\" data-listing-id=\"3982\" data-query-id=\"7\"><div class=\"jet-listing-grid__item jet-listing-dynamic-post-6227\" data-post-id=\"6227\"  >\t\t<div data-elementor-type=\"jet-listing-items\" data-elementor-id=\"3982\" class=\"elementor elementor-3982\" data-elementor-post-type=\"jet-engine\">\n\t\t\t\t\t\t<section class=\"elementor-section elementor-top-section elementor-element elementor-element-979361a elementor-section-boxed elementor-section-height-default elementor-section-height-default\" data-id=\"979361a\" data-element_type=\"section\" data-e-type=\"section\">\n\t\t\t\t\t\t<div class=\"elementor-container elementor-column-gap-default\">\n\t\t\t\t\t<div class=\"elementor-column elementor-col-100 elementor-top-column elementor-element elementor-element-8e5d127\" data-id=\"8e5d127\" data-element_type=\"column\" data-e-type=\"column\">\n\t\t\t<div class=\"elementor-widget-wrap elementor-element-populated\">\n\t\t\t\t\t\t<div class=\"elementor-element elementor-element-fd2ec9d elementor-widget elementor-widget-jet-listing-dynamic-image\" data-id=\"fd2ec9d\" data-element_type=\"widget\" data-e-type=\"widget\" data-widget_type=\"jet-listing-dynamic-image.default\">\n\t\t\t\t<div class=\"elementor-widget-container\">\n\t\t\t\t\t<div class=\"jet-listing jet-listing-dynamic-image\" ><a href=\"https:\/\/restaurantes-valencia.com\/it\/ristoranti\/a-fuego-lento-arroceria\/\" class=\"jet-listing-dynamic-image__link\"><img fetchpriority=\"high\" decoding=\"async\" width=\"700\" height=\"300\" src=\"https:\/\/restaurantes-valencia.com\/wp-content\/uploads\/a-fuego-lento-arroceria.webp\" class=\"jet-listing-dynamic-image__img attachment-full size-full wp-post-image\" alt=\"Arrocer\u00eda A Fuego Lento\" srcset=\"https:\/\/restaurantes-valencia.com\/wp-content\/uploads\/a-fuego-lento-arroceria.webp 700w, https:\/\/restaurantes-valencia.com\/wp-content\/uploads\/a-fuego-lento-arroceria-300x129.webp 300w\" sizes=\"(max-width: 700px) 100vw, 700px\" loading=\"eager\" \/><\/a><\/div>\t\t\t\t<\/div>\n\t\t\t\t<\/div>\n\t\t\t\t<div class=\"elementor-element elementor-element-0f140c4 elementor-widget elementor-widget-jet-listing-dynamic-link\" data-id=\"0f140c4\" data-element_type=\"widget\" data-e-type=\"widget\" data-widget_type=\"jet-listing-dynamic-link.default\">\n\t\t\t\t<div class=\"elementor-widget-container\">\n\t\t\t\t\t<div class=\"jet-listing jet-listing-dynamic-link\"><a href=\"https:\/\/restaurantes-valencia.com\/it\/ristoranti\/a-fuego-lento-arroceria\/\" class=\"jet-listing-dynamic-link__link\"><span class=\"jet-listing-dynamic-link__label\">A Fuego Lento &#8211; Arrocer\u00eda<\/span><\/a><\/div>\t\t\t\t<\/div>\n\t\t\t\t<\/div>\n\t\t\t\t<div class=\"elementor-element elementor-element-52c0d53 elementor-widget elementor-widget-jet-listing-dynamic-link\" data-id=\"52c0d53\" data-element_type=\"widget\" data-e-type=\"widget\" data-widget_type=\"jet-listing-dynamic-link.default\">\n\t\t\t\t<div class=\"elementor-widget-container\">\n\t\t\t\t\t<div class=\"jet-listing jet-listing-dynamic-link\"><a href=\"https:\/\/restaurantes-valencia.com\/it\/ristoranti\/a-fuego-lento-arroceria\/\" class=\"jet-listing-dynamic-link__link\" target=\"_blank\"><span class=\"jet-listing-dynamic-link__label\">Calle Antonio Ponz, 56 - 46011<\/span><\/a><\/div>\t\t\t\t<\/div>\n\t\t\t\t<\/div>\n\t\t\t\t<div class=\"elementor-element elementor-element-d4dd4d4 elementor-widget elementor-widget-jet-listing-dynamic-link\" data-id=\"d4dd4d4\" data-element_type=\"widget\" data-e-type=\"widget\" data-widget_type=\"jet-listing-dynamic-link.default\">\n\t\t\t\t<div class=\"elementor-widget-container\">\n\t\t\t\t\t<div class=\"jet-listing jet-listing-dynamic-link\"><a href=\"Tel:+34661693064\" class=\"jet-listing-dynamic-link__link\" target=\"_blank\"><i class=\"jet-listing-dynamic-link__icon fas fa-phone-volume\" aria-hidden=\"true\"><\/i><span class=\"jet-listing-dynamic-link__label\">661693064<\/span><\/a><\/div>\t\t\t\t<\/div>\n\t\t\t\t<\/div>\n\t\t\t\t<div class=\"elementor-element elementor-element-25fa643 elementor-widget elementor-widget-jet-listing-dynamic-field\" data-id=\"25fa643\" data-element_type=\"widget\" data-e-type=\"widget\" data-widget_type=\"jet-listing-dynamic-field.default\">\n\t\t\t\t<div class=\"elementor-widget-container\">\n\t\t\t\t\t<div class=\"jet-listing jet-listing-dynamic-field display-inline\"><div class=\"jet-listing-dynamic-field__inline-wrap\"><div class=\"jet-listing-dynamic-field__content\" >Cucina a vista, ambiente accogliente e servizio attento, tre aspetti che contribuiscono ad esaltare la gia ottima offerta culinaria di questa arroceria<\/div><\/div><\/div>\t\t\t\t<\/div>\n\t\t\t\t<\/div>\n\t\t\t\t\t<\/div>\n\t\t<\/div>\n\t\t\t\t\t<\/div>\n\t\t<\/section>\n\t\t\t\t<\/div>\n\t\t<\/div><div class=\"jet-listing-grid__item jet-listing-dynamic-post-6215\" data-post-id=\"6215\"  >\t\t<div data-elementor-type=\"jet-listing-items\" data-elementor-id=\"3982\" class=\"elementor elementor-3982\" data-elementor-post-type=\"jet-engine\">\n\t\t\t\t\t\t<section class=\"elementor-section elementor-top-section elementor-element elementor-element-979361a elementor-section-boxed elementor-section-height-default elementor-section-height-default\" data-id=\"979361a\" data-element_type=\"section\" data-e-type=\"section\">\n\t\t\t\t\t\t<div class=\"elementor-container elementor-column-gap-default\">\n\t\t\t\t\t<div class=\"elementor-column elementor-col-100 elementor-top-column elementor-element elementor-element-8e5d127\" data-id=\"8e5d127\" data-element_type=\"column\" data-e-type=\"column\">\n\t\t\t<div class=\"elementor-widget-wrap elementor-element-populated\">\n\t\t\t\t\t\t<div class=\"elementor-element elementor-element-fd2ec9d elementor-widget elementor-widget-jet-listing-dynamic-image\" data-id=\"fd2ec9d\" data-element_type=\"widget\" data-e-type=\"widget\" data-widget_type=\"jet-listing-dynamic-image.default\">\n\t\t\t\t<div class=\"elementor-widget-container\">\n\t\t\t\t\t<div class=\"jet-listing jet-listing-dynamic-image\" ><a href=\"https:\/\/restaurantes-valencia.com\/it\/ristoranti\/gastrobar-a-fuego-lento\/\" class=\"jet-listing-dynamic-image__link\"><img decoding=\"async\" width=\"700\" height=\"300\" src=\"https:\/\/restaurantes-valencia.com\/wp-content\/uploads\/a-fuego-lento-gatrobar.webp\" class=\"jet-listing-dynamic-image__img attachment-full size-full wp-post-image\" alt=\"GatroBar A Fuego Lento\" srcset=\"https:\/\/restaurantes-valencia.com\/wp-content\/uploads\/a-fuego-lento-gatrobar.webp 700w, https:\/\/restaurantes-valencia.com\/wp-content\/uploads\/a-fuego-lento-gatrobar-300x129.webp 300w\" sizes=\"(max-width: 700px) 100vw, 700px\" loading=\"eager\" \/><\/a><\/div>\t\t\t\t<\/div>\n\t\t\t\t<\/div>\n\t\t\t\t<div class=\"elementor-element elementor-element-0f140c4 elementor-widget elementor-widget-jet-listing-dynamic-link\" data-id=\"0f140c4\" data-element_type=\"widget\" data-e-type=\"widget\" data-widget_type=\"jet-listing-dynamic-link.default\">\n\t\t\t\t<div class=\"elementor-widget-container\">\n\t\t\t\t\t<div class=\"jet-listing jet-listing-dynamic-link\"><a href=\"https:\/\/restaurantes-valencia.com\/it\/ristoranti\/gastrobar-a-fuego-lento\/\" class=\"jet-listing-dynamic-link__link\"><span class=\"jet-listing-dynamic-link__label\">A Fuego Lento &#8211; GastroBar<\/span><\/a><\/div>\t\t\t\t<\/div>\n\t\t\t\t<\/div>\n\t\t\t\t<div class=\"elementor-element elementor-element-52c0d53 elementor-widget elementor-widget-jet-listing-dynamic-link\" data-id=\"52c0d53\" data-element_type=\"widget\" data-e-type=\"widget\" data-widget_type=\"jet-listing-dynamic-link.default\">\n\t\t\t\t<div class=\"elementor-widget-container\">\n\t\t\t\t\t<div class=\"jet-listing jet-listing-dynamic-link\"><a href=\"https:\/\/restaurantes-valencia.com\/it\/ristoranti\/gastrobar-a-fuego-lento\/\" class=\"jet-listing-dynamic-link__link\" target=\"_blank\"><span class=\"jet-listing-dynamic-link__label\">Plaza del libertador Sim\u00f3n Bol\u00edvar, 7 - 46011<\/span><\/a><\/div>\t\t\t\t<\/div>\n\t\t\t\t<\/div>\n\t\t\t\t<div class=\"elementor-element elementor-element-d4dd4d4 elementor-widget elementor-widget-jet-listing-dynamic-link\" data-id=\"d4dd4d4\" data-element_type=\"widget\" data-e-type=\"widget\" data-widget_type=\"jet-listing-dynamic-link.default\">\n\t\t\t\t<div class=\"elementor-widget-container\">\n\t\t\t\t\t<div class=\"jet-listing jet-listing-dynamic-link\"><a href=\"Tel:+34651670160\" class=\"jet-listing-dynamic-link__link\" target=\"_blank\"><i class=\"jet-listing-dynamic-link__icon fas fa-phone-volume\" aria-hidden=\"true\"><\/i><span class=\"jet-listing-dynamic-link__label\">651670160<\/span><\/a><\/div>\t\t\t\t<\/div>\n\t\t\t\t<\/div>\n\t\t\t\t<div class=\"elementor-element elementor-element-25fa643 elementor-widget elementor-widget-jet-listing-dynamic-field\" data-id=\"25fa643\" data-element_type=\"widget\" data-e-type=\"widget\" data-widget_type=\"jet-listing-dynamic-field.default\">\n\t\t\t\t<div class=\"elementor-widget-container\">\n\t\t\t\t\t<div class=\"jet-listing jet-listing-dynamic-field display-inline\"><div class=\"jet-listing-dynamic-field__inline-wrap\"><div class=\"jet-listing-dynamic-field__content\" >GastroBar che lavora con una materia prima fresca e di qualit\u00e0. Nel quartiere marittimo un angolo culinario che merita essere conosciuto. La terrazza esterna permette anche di degustare dei piatti all'aria aperta<\/div><\/div><\/div>\t\t\t\t<\/div>\n\t\t\t\t<\/div>\n\t\t\t\t\t<\/div>\n\t\t<\/div>\n\t\t\t\t\t<\/div>\n\t\t<\/section>\n\t\t\t\t<\/div>\n\t\t<\/div><div class=\"jet-listing-grid__item jet-listing-dynamic-post-5202\" data-post-id=\"5202\"  >\t\t<div data-elementor-type=\"jet-listing-items\" data-elementor-id=\"3982\" class=\"elementor elementor-3982\" data-elementor-post-type=\"jet-engine\">\n\t\t\t\t\t\t<section class=\"elementor-section elementor-top-section elementor-element elementor-element-979361a elementor-section-boxed elementor-section-height-default elementor-section-height-default\" data-id=\"979361a\" data-element_type=\"section\" data-e-type=\"section\">\n\t\t\t\t\t\t<div class=\"elementor-container elementor-column-gap-default\">\n\t\t\t\t\t<div class=\"elementor-column elementor-col-100 elementor-top-column elementor-element elementor-element-8e5d127\" data-id=\"8e5d127\" data-element_type=\"column\" data-e-type=\"column\">\n\t\t\t<div class=\"elementor-widget-wrap elementor-element-populated\">\n\t\t\t\t\t\t<div class=\"elementor-element elementor-element-fd2ec9d elementor-widget elementor-widget-jet-listing-dynamic-image\" data-id=\"fd2ec9d\" data-element_type=\"widget\" data-e-type=\"widget\" data-widget_type=\"jet-listing-dynamic-image.default\">\n\t\t\t\t<div class=\"elementor-widget-container\">\n\t\t\t\t\t<div class=\"jet-listing jet-listing-dynamic-image\" ><a href=\"https:\/\/restaurantes-valencia.com\/it\/ristoranti\/ristorante-la-cepa-vieja\/\" class=\"jet-listing-dynamic-image__link\"><img decoding=\"async\" width=\"700\" height=\"300\" src=\"https:\/\/restaurantes-valencia.com\/wp-content\/uploads\/la-cepa-vieja-vlc.jpg\" class=\"jet-listing-dynamic-image__img attachment-full size-full wp-post-image\" alt=\"La Cepa Vieja\" srcset=\"https:\/\/restaurantes-valencia.com\/wp-content\/uploads\/la-cepa-vieja-vlc.jpg 700w, https:\/\/restaurantes-valencia.com\/wp-content\/uploads\/la-cepa-vieja-vlc-300x129.jpg 300w\" sizes=\"(max-width: 700px) 100vw, 700px\" loading=\"eager\" \/><\/a><\/div>\t\t\t\t<\/div>\n\t\t\t\t<\/div>\n\t\t\t\t<div class=\"elementor-element elementor-element-0f140c4 elementor-widget elementor-widget-jet-listing-dynamic-link\" data-id=\"0f140c4\" data-element_type=\"widget\" data-e-type=\"widget\" data-widget_type=\"jet-listing-dynamic-link.default\">\n\t\t\t\t<div class=\"elementor-widget-container\">\n\t\t\t\t\t<div class=\"jet-listing jet-listing-dynamic-link\"><a href=\"https:\/\/restaurantes-valencia.com\/it\/ristoranti\/ristorante-la-cepa-vieja\/\" class=\"jet-listing-dynamic-link__link\"><span class=\"jet-listing-dynamic-link__label\">La Cepa Vieja<\/span><\/a><\/div>\t\t\t\t<\/div>\n\t\t\t\t<\/div>\n\t\t\t\t<div class=\"elementor-element elementor-element-52c0d53 elementor-widget elementor-widget-jet-listing-dynamic-link\" data-id=\"52c0d53\" data-element_type=\"widget\" data-e-type=\"widget\" data-widget_type=\"jet-listing-dynamic-link.default\">\n\t\t\t\t<div class=\"elementor-widget-container\">\n\t\t\t\t\t<div class=\"jet-listing jet-listing-dynamic-link\"><a href=\"https:\/\/restaurantes-valencia.com\/it\/ristoranti\/ristorante-la-cepa-vieja\/\" class=\"jet-listing-dynamic-link__link\" target=\"_blank\"><span class=\"jet-listing-dynamic-link__label\">Calle de San Vicente M\u00e0rtir, 209 - 46007 <\/span><\/a><\/div>\t\t\t\t<\/div>\n\t\t\t\t<\/div>\n\t\t\t\t<div class=\"elementor-element elementor-element-d4dd4d4 elementor-widget elementor-widget-jet-listing-dynamic-link\" data-id=\"d4dd4d4\" data-element_type=\"widget\" data-e-type=\"widget\" data-widget_type=\"jet-listing-dynamic-link.default\">\n\t\t\t\t<div class=\"elementor-widget-container\">\n\t\t\t\t\t<div class=\"jet-listing jet-listing-dynamic-link\"><a href=\"Tel:+34963423236\" class=\"jet-listing-dynamic-link__link\" target=\"_blank\"><i class=\"jet-listing-dynamic-link__icon fas fa-phone-volume\" aria-hidden=\"true\"><\/i><span class=\"jet-listing-dynamic-link__label\">963423236<\/span><\/a><\/div>\t\t\t\t<\/div>\n\t\t\t\t<\/div>\n\t\t\t\t<div class=\"elementor-element elementor-element-25fa643 elementor-widget elementor-widget-jet-listing-dynamic-field\" data-id=\"25fa643\" data-element_type=\"widget\" data-e-type=\"widget\" data-widget_type=\"jet-listing-dynamic-field.default\">\n\t\t\t\t<div class=\"elementor-widget-container\">\n\t\t\t\t\t<div class=\"jet-listing jet-listing-dynamic-field display-inline\"><div class=\"jet-listing-dynamic-field__inline-wrap\"><div class=\"jet-listing-dynamic-field__content\" >Piccola realt\u00e0 gastronomica, rifugio di una coppia di amanti dell'enogastronomia, dove \u00e8 possibile trovare un servizio professionale e piatti sapientemente preparati in base alla stagione.<\/div><\/div><\/div>\t\t\t\t<\/div>\n\t\t\t\t<\/div>\n\t\t\t\t\t<\/div>\n\t\t<\/div>\n\t\t\t\t\t<\/div>\n\t\t<\/section>\n\t\t\t\t<\/div>\n\t\t<\/div><div class=\"jet-listing-grid__item jet-listing-dynamic-post-3927\" data-post-id=\"3927\"  >\t\t<div data-elementor-type=\"jet-listing-items\" data-elementor-id=\"3982\" class=\"elementor elementor-3982\" data-elementor-post-type=\"jet-engine\">\n\t\t\t\t\t\t<section class=\"elementor-section elementor-top-section elementor-element elementor-element-979361a elementor-section-boxed elementor-section-height-default elementor-section-height-default\" data-id=\"979361a\" data-element_type=\"section\" data-e-type=\"section\">\n\t\t\t\t\t\t<div class=\"elementor-container elementor-column-gap-default\">\n\t\t\t\t\t<div class=\"elementor-column elementor-col-100 elementor-top-column elementor-element elementor-element-8e5d127\" data-id=\"8e5d127\" data-element_type=\"column\" data-e-type=\"column\">\n\t\t\t<div class=\"elementor-widget-wrap elementor-element-populated\">\n\t\t\t\t\t\t<div class=\"elementor-element elementor-element-fd2ec9d elementor-widget elementor-widget-jet-listing-dynamic-image\" data-id=\"fd2ec9d\" data-element_type=\"widget\" data-e-type=\"widget\" data-widget_type=\"jet-listing-dynamic-image.default\">\n\t\t\t\t<div class=\"elementor-widget-container\">\n\t\t\t\t\t<div class=\"jet-listing jet-listing-dynamic-image\" ><a href=\"https:\/\/restaurantes-valencia.com\/it\/ristoranti\/ristorante-la-casita-de-sabino\/\" class=\"jet-listing-dynamic-image__link\"><img decoding=\"async\" width=\"700\" height=\"300\" src=\"https:\/\/restaurantes-valencia.com\/wp-content\/uploads\/casita-de-sabino-vlc.jpg\" class=\"jet-listing-dynamic-image__img attachment-full size-full wp-post-image\" alt=\"La Casita de Sabino\" srcset=\"https:\/\/restaurantes-valencia.com\/wp-content\/uploads\/casita-de-sabino-vlc.jpg 700w, https:\/\/restaurantes-valencia.com\/wp-content\/uploads\/casita-de-sabino-vlc-300x129.jpg 300w\" sizes=\"(max-width: 700px) 100vw, 700px\" loading=\"eager\" \/><\/a><\/div>\t\t\t\t<\/div>\n\t\t\t\t<\/div>\n\t\t\t\t<div class=\"elementor-element elementor-element-0f140c4 elementor-widget elementor-widget-jet-listing-dynamic-link\" data-id=\"0f140c4\" data-element_type=\"widget\" data-e-type=\"widget\" data-widget_type=\"jet-listing-dynamic-link.default\">\n\t\t\t\t<div class=\"elementor-widget-container\">\n\t\t\t\t\t<div class=\"jet-listing jet-listing-dynamic-link\"><a href=\"https:\/\/restaurantes-valencia.com\/it\/ristoranti\/ristorante-la-casita-de-sabino\/\" class=\"jet-listing-dynamic-link__link\"><span class=\"jet-listing-dynamic-link__label\">La Casita de Sabino<\/span><\/a><\/div>\t\t\t\t<\/div>\n\t\t\t\t<\/div>\n\t\t\t\t<div class=\"elementor-element elementor-element-52c0d53 elementor-widget elementor-widget-jet-listing-dynamic-link\" data-id=\"52c0d53\" data-element_type=\"widget\" data-e-type=\"widget\" data-widget_type=\"jet-listing-dynamic-link.default\">\n\t\t\t\t<div class=\"elementor-widget-container\">\n\t\t\t\t\t<div class=\"jet-listing jet-listing-dynamic-link\"><a href=\"https:\/\/restaurantes-valencia.com\/it\/ristoranti\/ristorante-la-casita-de-sabino\/\" class=\"jet-listing-dynamic-link__link\" target=\"_blank\"><span class=\"jet-listing-dynamic-link__label\">Calle del Erudito Gregorio Mayans, 5 - 46005<\/span><\/a><\/div>\t\t\t\t<\/div>\n\t\t\t\t<\/div>\n\t\t\t\t<div class=\"elementor-element elementor-element-d4dd4d4 elementor-widget elementor-widget-jet-listing-dynamic-link\" data-id=\"d4dd4d4\" data-element_type=\"widget\" data-e-type=\"widget\" data-widget_type=\"jet-listing-dynamic-link.default\">\n\t\t\t\t<div class=\"elementor-widget-container\">\n\t\t\t\t\t<div class=\"jet-listing jet-listing-dynamic-link\"><a href=\"Tel:+34963743999\" class=\"jet-listing-dynamic-link__link\" target=\"_blank\"><i class=\"jet-listing-dynamic-link__icon fas fa-phone-volume\" aria-hidden=\"true\"><\/i><span class=\"jet-listing-dynamic-link__label\">963743999<\/span><\/a><\/div>\t\t\t\t<\/div>\n\t\t\t\t<\/div>\n\t\t\t\t<div class=\"elementor-element elementor-element-25fa643 elementor-widget elementor-widget-jet-listing-dynamic-field\" data-id=\"25fa643\" data-element_type=\"widget\" data-e-type=\"widget\" data-widget_type=\"jet-listing-dynamic-field.default\">\n\t\t\t\t<div class=\"elementor-widget-container\">\n\t\t\t\t\t<div class=\"jet-listing jet-listing-dynamic-field display-inline\"><div class=\"jet-listing-dynamic-field__inline-wrap\"><div class=\"jet-listing-dynamic-field__content\" >A Valencia, uno dei migliori ristoranti per mangiare buon pesce e frutti di mare. Da Bilbao a Valencia, dal Cantabrico al Mediterraneo. Un ottimo ristorante per concedersi di tanto in tanto un piacere gastronomico, con un buon rapporto qualit\u00e0-prezzo, ma non certo per tutte le tasche.<\/div><\/div><\/div>\t\t\t\t<\/div>\n\t\t\t\t<\/div>\n\t\t\t\t\t<\/div>\n\t\t<\/div>\n\t\t\t\t\t<\/div>\n\t\t<\/section>\n\t\t\t\t<\/div>\n\t\t<\/div><div class=\"jet-listing-grid__item jet-listing-dynamic-post-3914\" data-post-id=\"3914\"  >\t\t<div data-elementor-type=\"jet-listing-items\" data-elementor-id=\"3982\" class=\"elementor elementor-3982\" data-elementor-post-type=\"jet-engine\">\n\t\t\t\t\t\t<section class=\"elementor-section elementor-top-section elementor-element elementor-element-979361a elementor-section-boxed elementor-section-height-default elementor-section-height-default\" data-id=\"979361a\" data-element_type=\"section\" data-e-type=\"section\">\n\t\t\t\t\t\t<div class=\"elementor-container elementor-column-gap-default\">\n\t\t\t\t\t<div class=\"elementor-column elementor-col-100 elementor-top-column elementor-element elementor-element-8e5d127\" data-id=\"8e5d127\" data-element_type=\"column\" data-e-type=\"column\">\n\t\t\t<div class=\"elementor-widget-wrap elementor-element-populated\">\n\t\t\t\t\t\t<div class=\"elementor-element elementor-element-fd2ec9d elementor-widget elementor-widget-jet-listing-dynamic-image\" data-id=\"fd2ec9d\" data-element_type=\"widget\" data-e-type=\"widget\" data-widget_type=\"jet-listing-dynamic-image.default\">\n\t\t\t\t<div class=\"elementor-widget-container\">\n\t\t\t\t\t<div class=\"jet-listing jet-listing-dynamic-image\" ><a href=\"https:\/\/restaurantes-valencia.com\/it\/ristoranti\/ristorante-genuina\/\" class=\"jet-listing-dynamic-image__link\"><img decoding=\"async\" width=\"700\" height=\"300\" src=\"https:\/\/restaurantes-valencia.com\/wp-content\/uploads\/rest-genuina.jpg\" class=\"jet-listing-dynamic-image__img attachment-full size-full wp-post-image\" alt=\"Restaurante la Genuina- Ristorante Genuina - baracca valenciana\" srcset=\"https:\/\/restaurantes-valencia.com\/wp-content\/uploads\/rest-genuina.jpg 700w, https:\/\/restaurantes-valencia.com\/wp-content\/uploads\/rest-genuina-300x129.jpg 300w\" sizes=\"(max-width: 700px) 100vw, 700px\" loading=\"eager\" \/><\/a><\/div>\t\t\t\t<\/div>\n\t\t\t\t<\/div>\n\t\t\t\t<div class=\"elementor-element elementor-element-0f140c4 elementor-widget elementor-widget-jet-listing-dynamic-link\" data-id=\"0f140c4\" data-element_type=\"widget\" data-e-type=\"widget\" data-widget_type=\"jet-listing-dynamic-link.default\">\n\t\t\t\t<div class=\"elementor-widget-container\">\n\t\t\t\t\t<div class=\"jet-listing jet-listing-dynamic-link\"><a href=\"https:\/\/restaurantes-valencia.com\/it\/ristoranti\/ristorante-genuina\/\" class=\"jet-listing-dynamic-link__link\"><span class=\"jet-listing-dynamic-link__label\">Genuina<\/span><\/a><\/div>\t\t\t\t<\/div>\n\t\t\t\t<\/div>\n\t\t\t\t<div class=\"elementor-element elementor-element-52c0d53 elementor-widget elementor-widget-jet-listing-dynamic-link\" data-id=\"52c0d53\" data-element_type=\"widget\" data-e-type=\"widget\" data-widget_type=\"jet-listing-dynamic-link.default\">\n\t\t\t\t<div class=\"elementor-widget-container\">\n\t\t\t\t\t<div class=\"jet-listing jet-listing-dynamic-link\"><a href=\"https:\/\/restaurantes-valencia.com\/it\/ristoranti\/ristorante-genuina\/\" class=\"jet-listing-dynamic-link__link\" target=\"_blank\"><span class=\"jet-listing-dynamic-link__label\">Carrera del Riu, 283 - 46012 Pinedo<\/span><\/a><\/div>\t\t\t\t<\/div>\n\t\t\t\t<\/div>\n\t\t\t\t<div class=\"elementor-element elementor-element-d4dd4d4 elementor-widget elementor-widget-jet-listing-dynamic-link\" data-id=\"d4dd4d4\" data-element_type=\"widget\" data-e-type=\"widget\" data-widget_type=\"jet-listing-dynamic-link.default\">\n\t\t\t\t<div class=\"elementor-widget-container\">\n\t\t\t\t\t<div class=\"jet-listing jet-listing-dynamic-link\"><a href=\"Tel:+34963248663\" class=\"jet-listing-dynamic-link__link\" target=\"_blank\"><i class=\"jet-listing-dynamic-link__icon fas fa-phone-volume\" aria-hidden=\"true\"><\/i><span class=\"jet-listing-dynamic-link__label\">963248663<\/span><\/a><\/div>\t\t\t\t<\/div>\n\t\t\t\t<\/div>\n\t\t\t\t<div class=\"elementor-element elementor-element-25fa643 elementor-widget elementor-widget-jet-listing-dynamic-field\" data-id=\"25fa643\" data-element_type=\"widget\" data-e-type=\"widget\" data-widget_type=\"jet-listing-dynamic-field.default\">\n\t\t\t\t<div class=\"elementor-widget-container\">\n\t\t\t\t\t<div class=\"jet-listing jet-listing-dynamic-field display-inline\"><div class=\"jet-listing-dynamic-field__inline-wrap\"><div class=\"jet-listing-dynamic-field__content\" >La Genuina \u00e8 uno di quei ristoranti che per storia, estetica del locale e qualit\u00e0 del cibo servito \u00e8 diventato uno dei locali di riferimento all\u2019interno delle attivit\u00e0 che promuovono la tipicit\u00e0 valenciana.<\/div><\/div><\/div>\t\t\t\t<\/div>\n\t\t\t\t<\/div>\n\t\t\t\t\t<\/div>\n\t\t<\/div>\n\t\t\t\t\t<\/div>\n\t\t<\/section>\n\t\t\t\t<\/div>\n\t\t<\/div><div class=\"jet-listing-grid__item jet-listing-dynamic-post-3908\" data-post-id=\"3908\"  >\t\t<div data-elementor-type=\"jet-listing-items\" data-elementor-id=\"3982\" class=\"elementor elementor-3982\" data-elementor-post-type=\"jet-engine\">\n\t\t\t\t\t\t<section class=\"elementor-section elementor-top-section elementor-element elementor-element-979361a elementor-section-boxed elementor-section-height-default elementor-section-height-default\" data-id=\"979361a\" data-element_type=\"section\" data-e-type=\"section\">\n\t\t\t\t\t\t<div class=\"elementor-container elementor-column-gap-default\">\n\t\t\t\t\t<div class=\"elementor-column elementor-col-100 elementor-top-column elementor-element elementor-element-8e5d127\" data-id=\"8e5d127\" data-element_type=\"column\" data-e-type=\"column\">\n\t\t\t<div class=\"elementor-widget-wrap elementor-element-populated\">\n\t\t\t\t\t\t<div class=\"elementor-element elementor-element-fd2ec9d elementor-widget elementor-widget-jet-listing-dynamic-image\" data-id=\"fd2ec9d\" data-element_type=\"widget\" data-e-type=\"widget\" data-widget_type=\"jet-listing-dynamic-image.default\">\n\t\t\t\t<div class=\"elementor-widget-container\">\n\t\t\t\t\t<div class=\"jet-listing jet-listing-dynamic-image\" ><a href=\"https:\/\/restaurantes-valencia.com\/it\/ristoranti\/ristorante-bon-aire\/\" class=\"jet-listing-dynamic-image__link\"><img decoding=\"async\" width=\"762\" height=\"326\" src=\"https:\/\/restaurantes-valencia.com\/wp-content\/uploads\/rest-bon-aire.jpg\" class=\"jet-listing-dynamic-image__img attachment-full size-full wp-post-image\" alt=\"Restaurante Bon Aire - El Palmar - Valencia - Ristorante Bon Aire\" srcset=\"https:\/\/restaurantes-valencia.com\/wp-content\/uploads\/rest-bon-aire.jpg 762w, https:\/\/restaurantes-valencia.com\/wp-content\/uploads\/rest-bon-aire-300x128.jpg 300w\" sizes=\"(max-width: 762px) 100vw, 762px\" loading=\"eager\" \/><\/a><\/div>\t\t\t\t<\/div>\n\t\t\t\t<\/div>\n\t\t\t\t<div class=\"elementor-element elementor-element-0f140c4 elementor-widget elementor-widget-jet-listing-dynamic-link\" data-id=\"0f140c4\" data-element_type=\"widget\" data-e-type=\"widget\" data-widget_type=\"jet-listing-dynamic-link.default\">\n\t\t\t\t<div class=\"elementor-widget-container\">\n\t\t\t\t\t<div class=\"jet-listing jet-listing-dynamic-link\"><a href=\"https:\/\/restaurantes-valencia.com\/it\/ristoranti\/ristorante-bon-aire\/\" class=\"jet-listing-dynamic-link__link\"><span class=\"jet-listing-dynamic-link__label\">Bon Aire<\/span><\/a><\/div>\t\t\t\t<\/div>\n\t\t\t\t<\/div>\n\t\t\t\t<div class=\"elementor-element elementor-element-52c0d53 elementor-widget elementor-widget-jet-listing-dynamic-link\" data-id=\"52c0d53\" data-element_type=\"widget\" data-e-type=\"widget\" data-widget_type=\"jet-listing-dynamic-link.default\">\n\t\t\t\t<div class=\"elementor-widget-container\">\n\t\t\t\t\t<div class=\"jet-listing jet-listing-dynamic-link\"><a href=\"https:\/\/restaurantes-valencia.com\/it\/ristoranti\/ristorante-bon-aire\/\" class=\"jet-listing-dynamic-link__link\" target=\"_blank\"><span class=\"jet-listing-dynamic-link__label\">Calle Caudete, 41 - 46012 El Palmar<\/span><\/a><\/div>\t\t\t\t<\/div>\n\t\t\t\t<\/div>\n\t\t\t\t<div class=\"elementor-element elementor-element-d4dd4d4 elementor-widget elementor-widget-jet-listing-dynamic-link\" data-id=\"d4dd4d4\" data-element_type=\"widget\" data-e-type=\"widget\" data-widget_type=\"jet-listing-dynamic-link.default\">\n\t\t\t\t<div class=\"elementor-widget-container\">\n\t\t\t\t\t<div class=\"jet-listing jet-listing-dynamic-link\"><a href=\"Tel:+34961620310\" class=\"jet-listing-dynamic-link__link\" target=\"_blank\"><i class=\"jet-listing-dynamic-link__icon fas fa-phone-volume\" aria-hidden=\"true\"><\/i><span class=\"jet-listing-dynamic-link__label\">961620310<\/span><\/a><\/div>\t\t\t\t<\/div>\n\t\t\t\t<\/div>\n\t\t\t\t<div class=\"elementor-element elementor-element-25fa643 elementor-widget elementor-widget-jet-listing-dynamic-field\" data-id=\"25fa643\" data-element_type=\"widget\" data-e-type=\"widget\" data-widget_type=\"jet-listing-dynamic-field.default\">\n\t\t\t\t<div class=\"elementor-widget-container\">\n\t\t\t\t\t<div class=\"jet-listing jet-listing-dynamic-field display-inline\"><div class=\"jet-listing-dynamic-field__inline-wrap\"><div class=\"jet-listing-dynamic-field__content\" >Il Ristorante Bon Aire si fornisce principalmente dal proprio orto, cos\u00ec come la carne e il pesce provengono dalle zone circostanti, poich\u00e9 la caccia e la pesca sono attivit\u00e0 consentite in queste aree, come stabilito dal calendario annuale pertinente.<\/div><\/div><\/div>\t\t\t\t<\/div>\n\t\t\t\t<\/div>\n\t\t\t\t\t<\/div>\n\t\t<\/div>\n\t\t\t\t\t<\/div>\n\t\t<\/section>\n\t\t\t\t<\/div>\n\t\t<\/div><div class=\"jet-listing-grid__item jet-listing-dynamic-post-3899\" data-post-id=\"3899\"  >\t\t<div data-elementor-type=\"jet-listing-items\" data-elementor-id=\"3982\" class=\"elementor elementor-3982\" data-elementor-post-type=\"jet-engine\">\n\t\t\t\t\t\t<section class=\"elementor-section elementor-top-section elementor-element elementor-element-979361a elementor-section-boxed elementor-section-height-default elementor-section-height-default\" data-id=\"979361a\" data-element_type=\"section\" data-e-type=\"section\">\n\t\t\t\t\t\t<div class=\"elementor-container elementor-column-gap-default\">\n\t\t\t\t\t<div class=\"elementor-column elementor-col-100 elementor-top-column elementor-element elementor-element-8e5d127\" data-id=\"8e5d127\" data-element_type=\"column\" data-e-type=\"column\">\n\t\t\t<div class=\"elementor-widget-wrap elementor-element-populated\">\n\t\t\t\t\t\t<div class=\"elementor-element elementor-element-fd2ec9d elementor-widget elementor-widget-jet-listing-dynamic-image\" data-id=\"fd2ec9d\" data-element_type=\"widget\" data-e-type=\"widget\" data-widget_type=\"jet-listing-dynamic-image.default\">\n\t\t\t\t<div class=\"elementor-widget-container\">\n\t\t\t\t\t<div class=\"jet-listing jet-listing-dynamic-image\" ><a href=\"https:\/\/restaurantes-valencia.com\/it\/ristoranti\/ristorante-alqueria-del-pou\/\" class=\"jet-listing-dynamic-image__link\"><img decoding=\"async\" width=\"700\" height=\"300\" src=\"https:\/\/restaurantes-valencia.com\/wp-content\/uploads\/rest-alqueria-pou-1.jpg\" class=\"jet-listing-dynamic-image__img attachment-full size-full wp-post-image\" alt=\"La cocina t\u00edpica valenciana ofrece muchos platos a quien viene desde fuera Valencia. El Alqueria del Pou es uno de los mayores representantes\" srcset=\"https:\/\/restaurantes-valencia.com\/wp-content\/uploads\/rest-alqueria-pou-1.jpg 700w, https:\/\/restaurantes-valencia.com\/wp-content\/uploads\/rest-alqueria-pou-1-300x129.jpg 300w\" sizes=\"(max-width: 700px) 100vw, 700px\" loading=\"eager\" \/><\/a><\/div>\t\t\t\t<\/div>\n\t\t\t\t<\/div>\n\t\t\t\t<div class=\"elementor-element elementor-element-0f140c4 elementor-widget elementor-widget-jet-listing-dynamic-link\" data-id=\"0f140c4\" data-element_type=\"widget\" data-e-type=\"widget\" data-widget_type=\"jet-listing-dynamic-link.default\">\n\t\t\t\t<div class=\"elementor-widget-container\">\n\t\t\t\t\t<div class=\"jet-listing jet-listing-dynamic-link\"><a href=\"https:\/\/restaurantes-valencia.com\/it\/ristoranti\/ristorante-alqueria-del-pou\/\" class=\"jet-listing-dynamic-link__link\"><span class=\"jet-listing-dynamic-link__label\">Alqueria del Pou<\/span><\/a><\/div>\t\t\t\t<\/div>\n\t\t\t\t<\/div>\n\t\t\t\t<div class=\"elementor-element elementor-element-52c0d53 elementor-widget elementor-widget-jet-listing-dynamic-link\" data-id=\"52c0d53\" data-element_type=\"widget\" data-e-type=\"widget\" data-widget_type=\"jet-listing-dynamic-link.default\">\n\t\t\t\t<div class=\"elementor-widget-container\">\n\t\t\t\t\t<div class=\"jet-listing jet-listing-dynamic-link\"><a href=\"https:\/\/restaurantes-valencia.com\/it\/ristoranti\/ristorante-alqueria-del-pou\/\" class=\"jet-listing-dynamic-link__link\" target=\"_blank\"><span class=\"jet-listing-dynamic-link__label\">Entrada Rico, 6 - 46013<\/span><\/a><\/div>\t\t\t\t<\/div>\n\t\t\t\t<\/div>\n\t\t\t\t<div class=\"elementor-element elementor-element-d4dd4d4 elementor-widget elementor-widget-jet-listing-dynamic-link\" data-id=\"d4dd4d4\" data-element_type=\"widget\" data-e-type=\"widget\" data-widget_type=\"jet-listing-dynamic-link.default\">\n\t\t\t\t<div class=\"elementor-widget-container\">\n\t\t\t\t\t<div class=\"jet-listing jet-listing-dynamic-link\"><a href=\"Tel:+34962110446\" class=\"jet-listing-dynamic-link__link\" target=\"_blank\"><i class=\"jet-listing-dynamic-link__icon fas fa-phone-volume\" aria-hidden=\"true\"><\/i><span class=\"jet-listing-dynamic-link__label\">962110446<\/span><\/a><\/div>\t\t\t\t<\/div>\n\t\t\t\t<\/div>\n\t\t\t\t<div class=\"elementor-element elementor-element-25fa643 elementor-widget elementor-widget-jet-listing-dynamic-field\" data-id=\"25fa643\" data-element_type=\"widget\" data-e-type=\"widget\" data-widget_type=\"jet-listing-dynamic-field.default\">\n\t\t\t\t<div class=\"elementor-widget-container\">\n\t\t\t\t\t<div class=\"jet-listing jet-listing-dynamic-field display-inline\"><div class=\"jet-listing-dynamic-field__inline-wrap\"><div class=\"jet-listing-dynamic-field__content\" >Ristorante che si trova in mezzo alla campagna valenciana e che offre ai propri clienti piatti tipici della gastronomia locale. Antipasti e primi piatti preparati seguendo ricette e metodi tradizionali, non manchano ottimi piatti di riso.<\/div><\/div><\/div>\t\t\t\t<\/div>\n\t\t\t\t<\/div>\n\t\t\t\t\t<\/div>\n\t\t<\/div>\n\t\t\t\t\t<\/div>\n\t\t<\/section>\n\t\t\t\t<\/div>\n\t\t<\/div><div class=\"jet-listing-grid__item jet-listing-dynamic-post-3897\" data-post-id=\"3897\"  >\t\t<div data-elementor-type=\"jet-listing-items\" data-elementor-id=\"3982\" class=\"elementor elementor-3982\" data-elementor-post-type=\"jet-engine\">\n\t\t\t\t\t\t<section class=\"elementor-section elementor-top-section elementor-element elementor-element-979361a elementor-section-boxed elementor-section-height-default elementor-section-height-default\" data-id=\"979361a\" data-element_type=\"section\" data-e-type=\"section\">\n\t\t\t\t\t\t<div class=\"elementor-container elementor-column-gap-default\">\n\t\t\t\t\t<div class=\"elementor-column elementor-col-100 elementor-top-column elementor-element elementor-element-8e5d127\" data-id=\"8e5d127\" data-element_type=\"column\" data-e-type=\"column\">\n\t\t\t<div class=\"elementor-widget-wrap elementor-element-populated\">\n\t\t\t\t\t\t<div class=\"elementor-element elementor-element-fd2ec9d elementor-widget elementor-widget-jet-listing-dynamic-image\" data-id=\"fd2ec9d\" data-element_type=\"widget\" data-e-type=\"widget\" data-widget_type=\"jet-listing-dynamic-image.default\">\n\t\t\t\t<div class=\"elementor-widget-container\">\n\t\t\t\t\t<div class=\"jet-listing jet-listing-dynamic-image\" ><a href=\"https:\/\/restaurantes-valencia.com\/it\/ristoranti\/ristorante-la-terreta\/\" class=\"jet-listing-dynamic-image__link\"><img decoding=\"async\" width=\"700\" height=\"300\" src=\"https:\/\/restaurantes-valencia.com\/wp-content\/uploads\/rest-terreta.jpg\" class=\"jet-listing-dynamic-image__img attachment-full size-full wp-post-image\" alt=\"Restaurante la Terretta - ristorante la terreta\" srcset=\"https:\/\/restaurantes-valencia.com\/wp-content\/uploads\/rest-terreta.jpg 700w, https:\/\/restaurantes-valencia.com\/wp-content\/uploads\/rest-terreta-300x129.jpg 300w\" sizes=\"(max-width: 700px) 100vw, 700px\" loading=\"eager\" \/><\/a><\/div>\t\t\t\t<\/div>\n\t\t\t\t<\/div>\n\t\t\t\t<div class=\"elementor-element elementor-element-0f140c4 elementor-widget elementor-widget-jet-listing-dynamic-link\" data-id=\"0f140c4\" data-element_type=\"widget\" data-e-type=\"widget\" data-widget_type=\"jet-listing-dynamic-link.default\">\n\t\t\t\t<div class=\"elementor-widget-container\">\n\t\t\t\t\t<div class=\"jet-listing jet-listing-dynamic-link\"><a href=\"https:\/\/restaurantes-valencia.com\/it\/ristoranti\/ristorante-la-terreta\/\" class=\"jet-listing-dynamic-link__link\"><span class=\"jet-listing-dynamic-link__label\">La Terreta<\/span><\/a><\/div>\t\t\t\t<\/div>\n\t\t\t\t<\/div>\n\t\t\t\t<div class=\"elementor-element elementor-element-52c0d53 elementor-widget elementor-widget-jet-listing-dynamic-link\" data-id=\"52c0d53\" data-element_type=\"widget\" data-e-type=\"widget\" data-widget_type=\"jet-listing-dynamic-link.default\">\n\t\t\t\t<div class=\"elementor-widget-container\">\n\t\t\t\t\t<div class=\"jet-listing jet-listing-dynamic-link\"><a href=\"https:\/\/restaurantes-valencia.com\/it\/ristoranti\/ristorante-la-terreta\/\" class=\"jet-listing-dynamic-link__link\" target=\"_blank\"><span class=\"jet-listing-dynamic-link__label\">Calle l'Explorador Andr\u00e9s, 41 - 46022<\/span><\/a><\/div>\t\t\t\t<\/div>\n\t\t\t\t<\/div>\n\t\t\t\t<div class=\"elementor-element elementor-element-d4dd4d4 elementor-widget elementor-widget-jet-listing-dynamic-link\" data-id=\"d4dd4d4\" data-element_type=\"widget\" data-e-type=\"widget\" data-widget_type=\"jet-listing-dynamic-link.default\">\n\t\t\t\t<div class=\"elementor-widget-container\">\n\t\t\t\t\t<div class=\"jet-listing jet-listing-dynamic-link\"><a href=\"Tel:+34960081201\" class=\"jet-listing-dynamic-link__link\" target=\"_blank\"><i class=\"jet-listing-dynamic-link__icon fas fa-phone-volume\" aria-hidden=\"true\"><\/i><span class=\"jet-listing-dynamic-link__label\">960081201<\/span><\/a><\/div>\t\t\t\t<\/div>\n\t\t\t\t<\/div>\n\t\t\t\t<div class=\"elementor-element elementor-element-25fa643 elementor-widget elementor-widget-jet-listing-dynamic-field\" data-id=\"25fa643\" data-element_type=\"widget\" data-e-type=\"widget\" data-widget_type=\"jet-listing-dynamic-field.default\">\n\t\t\t\t<div class=\"elementor-widget-container\">\n\t\t\t\t\t<div class=\"jet-listing jet-listing-dynamic-field display-inline\"><div class=\"jet-listing-dynamic-field__inline-wrap\"><div class=\"jet-listing-dynamic-field__content\" >Una cucina semplice realizzata con buona materia prima e accompagnata da una curiosa carta di vini \u00e8 l\u2019offerta gastronomica del ristorante La Terreta che si trova nelle vicinanze dei giardini di Ayora. Tavoli grandi, ampi spazi e un servizio corretto e attento, accolgono i clienti.<\/div><\/div><\/div>\t\t\t\t<\/div>\n\t\t\t\t<\/div>\n\t\t\t\t\t<\/div>\n\t\t<\/div>\n\t\t\t\t\t<\/div>\n\t\t<\/section>\n\t\t\t\t<\/div>\n\t\t<\/div><div class=\"jet-listing-grid__item jet-listing-dynamic-post-3851\" data-post-id=\"3851\"  >\t\t<div data-elementor-type=\"jet-listing-items\" data-elementor-id=\"3982\" class=\"elementor elementor-3982\" data-elementor-post-type=\"jet-engine\">\n\t\t\t\t\t\t<section class=\"elementor-section elementor-top-section elementor-element elementor-element-979361a elementor-section-boxed elementor-section-height-default elementor-section-height-default\" data-id=\"979361a\" data-element_type=\"section\" data-e-type=\"section\">\n\t\t\t\t\t\t<div class=\"elementor-container elementor-column-gap-default\">\n\t\t\t\t\t<div class=\"elementor-column elementor-col-100 elementor-top-column elementor-element elementor-element-8e5d127\" data-id=\"8e5d127\" data-element_type=\"column\" data-e-type=\"column\">\n\t\t\t<div class=\"elementor-widget-wrap elementor-element-populated\">\n\t\t\t\t\t\t<div class=\"elementor-element elementor-element-fd2ec9d elementor-widget elementor-widget-jet-listing-dynamic-image\" data-id=\"fd2ec9d\" data-element_type=\"widget\" data-e-type=\"widget\" data-widget_type=\"jet-listing-dynamic-image.default\">\n\t\t\t\t<div class=\"elementor-widget-container\">\n\t\t\t\t\t<div class=\"jet-listing jet-listing-dynamic-image\" ><a href=\"https:\/\/restaurantes-valencia.com\/it\/ristoranti\/ristorante-rausell\/\" class=\"jet-listing-dynamic-image__link\"><img decoding=\"async\" width=\"700\" height=\"300\" src=\"https:\/\/restaurantes-valencia.com\/wp-content\/uploads\/rest-rausell.jpg\" class=\"jet-listing-dynamic-image__img attachment-full size-full wp-post-image\" alt=\"Restaurante Rausell - tipico valenciano\" srcset=\"https:\/\/restaurantes-valencia.com\/wp-content\/uploads\/rest-rausell.jpg 700w, https:\/\/restaurantes-valencia.com\/wp-content\/uploads\/rest-rausell-300x129.jpg 300w\" sizes=\"(max-width: 700px) 100vw, 700px\" loading=\"eager\" \/><\/a><\/div>\t\t\t\t<\/div>\n\t\t\t\t<\/div>\n\t\t\t\t<div class=\"elementor-element elementor-element-0f140c4 elementor-widget elementor-widget-jet-listing-dynamic-link\" data-id=\"0f140c4\" data-element_type=\"widget\" data-e-type=\"widget\" data-widget_type=\"jet-listing-dynamic-link.default\">\n\t\t\t\t<div class=\"elementor-widget-container\">\n\t\t\t\t\t<div class=\"jet-listing jet-listing-dynamic-link\"><a href=\"https:\/\/restaurantes-valencia.com\/it\/ristoranti\/ristorante-rausell\/\" class=\"jet-listing-dynamic-link__link\"><span class=\"jet-listing-dynamic-link__label\">Rausell<\/span><\/a><\/div>\t\t\t\t<\/div>\n\t\t\t\t<\/div>\n\t\t\t\t<div class=\"elementor-element elementor-element-52c0d53 elementor-widget elementor-widget-jet-listing-dynamic-link\" data-id=\"52c0d53\" data-element_type=\"widget\" data-e-type=\"widget\" data-widget_type=\"jet-listing-dynamic-link.default\">\n\t\t\t\t<div class=\"elementor-widget-container\">\n\t\t\t\t\t<div class=\"jet-listing jet-listing-dynamic-link\"><a href=\"https:\/\/restaurantes-valencia.com\/it\/ristoranti\/ristorante-rausell\/\" class=\"jet-listing-dynamic-link__link\" target=\"_blank\"><span class=\"jet-listing-dynamic-link__label\">Calle \u00c1ngel Guimer\u00e1, 61 - 46008<\/span><\/a><\/div>\t\t\t\t<\/div>\n\t\t\t\t<\/div>\n\t\t\t\t<div class=\"elementor-element elementor-element-d4dd4d4 elementor-widget elementor-widget-jet-listing-dynamic-link\" data-id=\"d4dd4d4\" data-element_type=\"widget\" data-e-type=\"widget\" data-widget_type=\"jet-listing-dynamic-link.default\">\n\t\t\t\t<div class=\"elementor-widget-container\">\n\t\t\t\t\t<div class=\"jet-listing jet-listing-dynamic-link\"><a href=\"Tel:+34963843193\" class=\"jet-listing-dynamic-link__link\" target=\"_blank\"><i class=\"jet-listing-dynamic-link__icon fas fa-phone-volume\" aria-hidden=\"true\"><\/i><span class=\"jet-listing-dynamic-link__label\">963843193<\/span><\/a><\/div>\t\t\t\t<\/div>\n\t\t\t\t<\/div>\n\t\t\t\t<div class=\"elementor-element elementor-element-25fa643 elementor-widget elementor-widget-jet-listing-dynamic-field\" data-id=\"25fa643\" data-element_type=\"widget\" data-e-type=\"widget\" data-widget_type=\"jet-listing-dynamic-field.default\">\n\t\t\t\t<div class=\"elementor-widget-container\">\n\t\t\t\t\t<div class=\"jet-listing jet-listing-dynamic-field display-inline\"><div class=\"jet-listing-dynamic-field__inline-wrap\"><div class=\"jet-listing-dynamic-field__content\" >Oltre alle svariate tipiche tapas spagnole, pesce o carne alla griglia, il ristorante mantiene la tradizione valenciana legata al mondo del riso, infatti offrono distinte paellas e altri piatti a base di riso. <\/div><\/div><\/div>\t\t\t\t<\/div>\n\t\t\t\t<\/div>\n\t\t\t\t\t<\/div>\n\t\t<\/div>\n\t\t\t\t\t<\/div>\n\t\t<\/section>\n\t\t\t\t<\/div>\n\t\t<\/div><\/div><\/div>\t\t\t\t<\/div>\n\t\t\t\t<\/div>\n\t\t\t\t\t<\/div>\n\t\t<\/div>\n\t\t\t\t<div class=\"elementor-column elementor-col-33 elementor-top-column elementor-element elementor-element-cd90b59\" data-id=\"cd90b59\" data-element_type=\"column\" data-e-type=\"column\">\n\t\t\t<div class=\"elementor-widget-wrap elementor-element-populated\">\n\t\t\t\t\t\t<div class=\"elementor-element elementor-element-ece9a72 elementor-widget elementor-widget-shortcode\" data-id=\"ece9a72\" data-element_type=\"widget\" data-e-type=\"widget\" data-settings=\"{&quot;sticky&quot;:&quot;top&quot;,&quot;sticky_offset&quot;:80,&quot;sticky_effects_offset&quot;:80,&quot;sticky_parent&quot;:&quot;yes&quot;,&quot;sticky_on&quot;:[&quot;desktop&quot;,&quot;tablet&quot;,&quot;mobile&quot;],&quot;sticky_anchor_link_offset&quot;:0}\" data-widget_type=\"shortcode.default\">\n\t\t\t\t<div class=\"elementor-widget-container\">\n\t\t\t\t\t\t\t<div class=\"elementor-shortcode\"><ins class=\"adsbygoogle\" style=\"display:block\" data-ad-client=\"ca-pub-7847421077389676\" data-ad-slot=\"7845336789\" data-ad-format=\"auto\" data-full-width-responsive=\"true\"><\/ins>\n<script>\n     (adsbygoogle = window.adsbygoogle || []).push({});\n<\/script><\/div>\n\t\t\t\t\t\t<\/div>\n\t\t\t\t<\/div>\n\t\t\t\t\t<\/div>\n\t\t<\/div>\n\t\t\t\t\t<\/div>\n\t\t<\/section>\n\t\t\t\t<section class=\"elementor-section elementor-top-section elementor-element elementor-element-d7bea4a elementor-section-boxed elementor-section-height-default elementor-section-height-default\" data-id=\"d7bea4a\" data-element_type=\"section\" data-e-type=\"section\">\n\t\t\t\t\t\t<div class=\"elementor-container elementor-column-gap-default\">\n\t\t\t\t\t<div class=\"elementor-column elementor-col-66 elementor-top-column elementor-element elementor-element-8fc55a6\" data-id=\"8fc55a6\" data-element_type=\"column\" data-e-type=\"column\">\n\t\t\t<div class=\"elementor-widget-wrap elementor-element-populated\">\n\t\t\t\t\t\t<div class=\"elementor-element elementor-element-ae6ba13 elementor-widget elementor-widget-heading\" data-id=\"ae6ba13\" data-element_type=\"widget\" data-e-type=\"widget\" data-widget_type=\"heading.default\">\n\t\t\t\t<div class=\"elementor-widget-container\">\n\t\t\t\t\t<h2 class=\"elementor-heading-title elementor-size-default\">Paella e Risotto<\/h2>\t\t\t\t<\/div>\n\t\t\t\t<\/div>\n\t\t\t\t<div class=\"elementor-element elementor-element-95894b8 elementor-widget elementor-widget-text-editor\" data-id=\"95894b8\" data-element_type=\"widget\" data-e-type=\"widget\" data-widget_type=\"text-editor.default\">\n\t\t\t\t<div class=\"elementor-widget-container\">\n\t\t\t\t\t\t\t\t\t<p>Questa voce, che non ha bisogno di molte descrizioni, permetter\u00e0 di trovare all\u2019interno della selezione di ristoranti di Valencia, che proponiamo come migliori scelte all\u2019interno dell\u2019offerta gastronomica valenciana, quei locali che offrono nei loro men\u00f9 elaborazioni culinarie che hanno come ingrediente principale il riso, il cereale pi\u00f9 famoso al mondo. <br \/>Abbiamo dedicato svariati articoli al mondo del riso, alle sue variet\u00e0 e ai diversi metodi di preparazione, oltre che descrivere i piatti principali che caratterizzano la gastronomia valenciana, per questo consigliamo la lettura dei testi che si trovano all\u2019interno delle sezioni del blog: \u201c<a href=\"https:\/\/restaurantes-valencia.com\/it\/blog-gastronomico-di-valencia\/piatti-tipici-valencia\/\">piatti tipici<\/a>\u201d e \u201c<a href=\"https:\/\/restaurantes-valencia.com\/it\/blog-gastronomico-di-valencia\/cultura-gastronomica-valenciana\/\">gastro cultura<\/a>\u201d.<\/p>\n<h2>Valencia, una citt\u00e0 in crescita<\/h2>\n<p>La continua crescita della citt\u00e0 in ambito turistico, purtroppo, ha portato ad un inevitabile aumento del numero delle strutture ristorative presenti in citt\u00e0, soprattutto nel centro, che non sempre possiedono un\u2019etica lavorativa in grado di rispettare la tradizione gastronomica di Valencia oltre che i metodi di preparazione di alcuni piatti tipici, come appunto la paella.<\/p>\n<p>La paella \u00e8 un piatto gastronomico che possiede una gran storia ed un\u2019origine umile ed \u00e8 diventata nel tempoil piatto di riferimento della gastronomia, non solo valenciana, bens\u00ec spagnola. \u00c8 un piatto carico di sentimento e di tradizione e con questa selezione vogliamo fornire un numero limitato di ristoranti a cui riconosciamo, oltre alla buona relazione qualit\u00e0 -prezzo, una passione verso il proprio lavoro e la propria cucina. Caratteristiche, quest\u2019ultime, che spesso possiamo notare nel piatto finale che ci viene presentato al tavolo.<\/p>\n<h2>Paella e risotti a Valencia<\/h2>\n<p>Valencia non \u00e8 solo paella. Nei men\u00f9 dei ristoranti possiamo trovare, e di conseguenza assaggiare, una grande variet\u00e0 di proposte che differiscono nei metodi di preparazione del riso e logicamente anche nei diversi ingredienti in base alla stagionalit\u00e0 di quest\u2019ultimi.<br \/>Provare, provare e provare, solo cos\u00ec sar\u00e0 possibile conoscere la ricchezza della gastronomia valenciana e apprezzare i diversi piatti che presenta sempre mantenendo come protagonista il riso.<\/p>\n<h3>Suggerimenti:<\/h3>\n<p>\u201cPiero Viajero\u201d, nostro ambasciatore gastronomico, vi pu\u00f2 aiutare nel conoscere diverse realt\u00e0 culinarie e magari agevolare la vostra permanenza nella citt\u00e0 di Valencia. Conoscetelo meglio leggendo la \u201c<a href=\"http:\/\/www.turismoeticovalencia.com\/curiosa-entrevista-a-piero-viajero\/\" target=\"_blank\" rel=\"noopener\">curiosa intervista<\/a>\u201d che ha rilasciato lui stesso.<\/p>\n\t\t\t\t\t\t\t\t<\/div>\n\t\t\t\t<\/div>\n\t\t\t\t\t<\/div>\n\t\t<\/div>\n\t\t\t\t<div class=\"elementor-column elementor-col-33 elementor-top-column elementor-element elementor-element-69281aa\" data-id=\"69281aa\" data-element_type=\"column\" data-e-type=\"column\">\n\t\t\t<div class=\"elementor-widget-wrap\">\n\t\t\t\t\t\t\t<\/div>\n\t\t<\/div>\n\t\t\t\t\t<\/div>\n\t\t<\/section>\n\t\t\t\t<\/div>\n\t\t","protected":false},"excerpt":{"rendered":"<p>Sezione relativa ai ristoranti che dedicano la loro cucina con orgoglio al piatto tipico, per antonomasia, alla cucina valenciana, alla paella. E che, in aggiunta, come esperti nell\u2019elaborazione di piatti di riso offrono diversi tipi di cucina tradizionale di Valencia, come il riso al forno, risotti o zuppe. Paella e risotto per soddisfare le esigenze [&hellip;]<\/p>\n","protected":false},"author":1,"featured_media":1661,"parent":1347,"menu_order":0,"comment_status":"closed","ping_status":"closed","template":"","meta":{"footnotes":""},"class_list":["post-1324","page","type-page","status-publish","has-post-thumbnail","hentry"],"_links":{"self":[{"href":"https:\/\/restaurantes-valencia.com\/it\/wp-json\/wp\/v2\/pages\/1324","targetHints":{"allow":["GET"]}}],"collection":[{"href":"https:\/\/restaurantes-valencia.com\/it\/wp-json\/wp\/v2\/pages"}],"about":[{"href":"https:\/\/restaurantes-valencia.com\/it\/wp-json\/wp\/v2\/types\/page"}],"author":[{"embeddable":true,"href":"https:\/\/restaurantes-valencia.com\/it\/wp-json\/wp\/v2\/users\/1"}],"replies":[{"embeddable":true,"href":"https:\/\/restaurantes-valencia.com\/it\/wp-json\/wp\/v2\/comments?post=1324"}],"version-history":[{"count":26,"href":"https:\/\/restaurantes-valencia.com\/it\/wp-json\/wp\/v2\/pages\/1324\/revisions"}],"predecessor-version":[{"id":6657,"href":"https:\/\/restaurantes-valencia.com\/it\/wp-json\/wp\/v2\/pages\/1324\/revisions\/6657"}],"up":[{"embeddable":true,"href":"https:\/\/restaurantes-valencia.com\/it\/wp-json\/wp\/v2\/pages\/1347"}],"wp:featuredmedia":[{"embeddable":true,"href":"https:\/\/restaurantes-valencia.com\/it\/wp-json\/wp\/v2\/media\/1661"}],"wp:attachment":[{"href":"https:\/\/restaurantes-valencia.com\/it\/wp-json\/wp\/v2\/media?parent=1324"}],"curies":[{"name":"wp","href":"https:\/\/api.w.org\/{rel}","templated":true}]}}